{"id":3194,"date":"2016-09-06T09:25:39","date_gmt":"2016-09-06T09:25:39","guid":{"rendered":"http:\/\/ttleadx.staging.wpengine.com\/leadx\/?page_id=3194"},"modified":"2026-03-08T21:54:05","modified_gmt":"2026-03-08T20:54:05","slug":"aktuelles","status":"publish","type":"page","link":"https:\/\/www.club-tennis-point.de\/gtv\/aktuelles\/","title":{"rendered":"Aktuelles &#038; Termine"},"content":{"rendered":"<div class=\"wpb-content-wrapper\">[vc_row][vc_column][vc_wp_text]<iframe loading=\"lazy\" src=\"https:\/\/app.tennis-club.net\/?tvid=238&amp;dev=0&amp;direkt=34&amp;nolayout=1\" scrolling=\"no\" width=\"100%\" height=\"700px\" frameborder=\"0\"><\/iframe>[\/vc_wp_text][\/vc_column][\/vc_row][vc_row][vc_column]\t\n\t\t\t<section class=\"wrapper\">\n            <div class=\"container\">\n                <div class=\"row\">\n                    <div class=\"col-md-12\">\n                        <div class=\"row blog-masonry\">\n                \t\t\n<article id=\"post-5849\" class=\"col-sm-4 masonry-item clearfix post-5849 post type-post status-publish format-standard has-post-thumbnail hentry category-allgemein\">\n        <a href=\"https:\/\/www.club-tennis-point.de\/gtv\/2-dali-open-2026-dtb-ranglistenturnier\/\"> \n    <div class=\"content-img\">\n        <img loading=\"lazy\" decoding=\"async\" width=\"1000\" height=\"563\" src=\"https:\/\/www.club-tennis-point.de\/gtv\/wp-content\/uploads\/2026\/03\/dali_open_1200x675_blur_bg-1000x563.jpg\" class=\"attachment-gymx-img-size-blog size-gymx-img-size-blog wp-post-image\" alt=\"\" srcset=\"https:\/\/www.club-tennis-point.de\/gtv\/wp-content\/uploads\/2026\/03\/dali_open_1200x675_blur_bg-1000x563.jpg 1000w, https:\/\/www.club-tennis-point.de\/gtv\/wp-content\/uploads\/2026\/03\/dali_open_1200x675_blur_bg-300x169.jpg 300w, https:\/\/www.club-tennis-point.de\/gtv\/wp-content\/uploads\/2026\/03\/dali_open_1200x675_blur_bg-1024x576.jpg 1024w, https:\/\/www.club-tennis-point.de\/gtv\/wp-content\/uploads\/2026\/03\/dali_open_1200x675_blur_bg-768x432.jpg 768w, https:\/\/www.club-tennis-point.de\/gtv\/wp-content\/uploads\/2026\/03\/dali_open_1200x675_blur_bg.jpg 1200w\" sizes=\"auto, (max-width: 1000px) 100vw, 1000px\" \/>    <\/div>\n<\/a>\n<div class=\"content-wrap\">\n\t    \t\n\t        <header class=\"entry-header\">\n        \t\t\n        \t\t\t\t\t\t\t<a href=\"https:\/\/www.club-tennis-point.de\/gtv\/2-dali-open-2026-dtb-ranglistenturnier\/\">\n\t\t\t\t\t<span class=\"entry-posted-on\">26. M\u00e4rz 2026<\/span>\t\t\t\t\t<\/a>\n\t\t\t\t<h5 class=\"entry-title\"><a href=\"https:\/\/www.club-tennis-point.de\/gtv\/2-dali-open-2026-dtb-ranglistenturnier\/\" rel=\"bookmark\">2. Dali Open 2026 &#8211; DTB Ranglistenturnier<\/a><\/h5>\t\t        \n\t\t\t<\/header><!-- .entry-header -->\n\t        \n\t       \t        \t<p>\n\t        \t\tDer in Halle\/Westfalen ans\u00e4ssige Turnierveranstalter\u00a0DaLi Sports Management GmbH vertreten durch Thorsten Liebich, ehemals Turnierdirektion GERRY WEBER Open und langj\u00e4hriger Teamchef... <div class=\"read-more-link-wrapper\"><a class=\"read-more-link\" href=\"https:\/\/www.club-tennis-point.de\/gtv\/2-dali-open-2026-dtb-ranglistenturnier\/\"><i class=\"icon-next\"><\/i>Weiterlesen<\/a><\/div>\n\t        \t\t\n\t        \t    <\/div><\/article>\n<article id=\"post-5839\" class=\"col-sm-4 masonry-item clearfix post-5839 post type-post status-publish format-standard has-post-thumbnail hentry category-allgemein\">\n        <a href=\"https:\/\/www.club-tennis-point.de\/gtv\/padeltreff-fuer-fortgeschrittene-startet-im-april\/\"> \n    <div class=\"content-img\">\n        <img loading=\"lazy\" decoding=\"async\" width=\"1000\" height=\"563\" src=\"https:\/\/www.club-tennis-point.de\/gtv\/wp-content\/uploads\/2025\/04\/padeltraining-guetersloh-1000x563.jpg\" class=\"attachment-gymx-img-size-blog size-gymx-img-size-blog wp-post-image\" alt=\"Padeltraining in G\u00fctersloh\" \/>    <\/div>\n<\/a>\n<div class=\"content-wrap\">\n\t    \t\n\t        <header class=\"entry-header\">\n        \t\t\n        \t\t\t\t\t\t\t<a href=\"https:\/\/www.club-tennis-point.de\/gtv\/padeltreff-fuer-fortgeschrittene-startet-im-april\/\">\n\t\t\t\t\t<span class=\"entry-posted-on\">22. M\u00e4rz 2026<\/span>\t\t\t\t\t<\/a>\n\t\t\t\t<h5 class=\"entry-title\"><a href=\"https:\/\/www.club-tennis-point.de\/gtv\/padeltreff-fuer-fortgeschrittene-startet-im-april\/\" rel=\"bookmark\">Padeltreff f\u00fcr Fortgeschrittene startet im April<\/a><\/h5>\t\t        \n\t\t\t<\/header><!-- .entry-header -->\n\t        \n\t       \t        \t<p>\n\t        \t\tGute Nachrichten f\u00fcr alle padelbegeisterten Mitglieder des GTV Club Tennis-Point: Ab dem 07. April 2026 starten wir wieder mit unserem... <div class=\"read-more-link-wrapper\"><a class=\"read-more-link\" href=\"https:\/\/www.club-tennis-point.de\/gtv\/padeltreff-fuer-fortgeschrittene-startet-im-april\/\"><i class=\"icon-next\"><\/i>Weiterlesen<\/a><\/div>\n\t        \t\t\n\t        \t    <\/div><\/article>\n<article id=\"post-5832\" class=\"col-sm-4 masonry-item clearfix post-5832 post type-post status-publish format-standard has-post-thumbnail hentry category-allgemein\">\n        <a href=\"https:\/\/www.club-tennis-point.de\/gtv\/padel-workshops-beim-tag-des-tennis-jetzt-anmelden\/\"> \n    <div class=\"content-img\">\n        <img loading=\"lazy\" decoding=\"async\" width=\"1000\" height=\"563\" src=\"https:\/\/www.club-tennis-point.de\/gtv\/wp-content\/uploads\/2026\/03\/padel_wordpress_blur_bg-1000x563.jpg\" class=\"attachment-gymx-img-size-blog size-gymx-img-size-blog wp-post-image\" alt=\"\" srcset=\"https:\/\/www.club-tennis-point.de\/gtv\/wp-content\/uploads\/2026\/03\/padel_wordpress_blur_bg-1000x563.jpg 1000w, https:\/\/www.club-tennis-point.de\/gtv\/wp-content\/uploads\/2026\/03\/padel_wordpress_blur_bg-300x169.jpg 300w, https:\/\/www.club-tennis-point.de\/gtv\/wp-content\/uploads\/2026\/03\/padel_wordpress_blur_bg-1024x576.jpg 1024w, https:\/\/www.club-tennis-point.de\/gtv\/wp-content\/uploads\/2026\/03\/padel_wordpress_blur_bg-768x432.jpg 768w, https:\/\/www.club-tennis-point.de\/gtv\/wp-content\/uploads\/2026\/03\/padel_wordpress_blur_bg.jpg 1200w\" sizes=\"auto, (max-width: 1000px) 100vw, 1000px\" \/>    <\/div>\n<\/a>\n<div class=\"content-wrap\">\n\t    \t\n\t        <header class=\"entry-header\">\n        \t\t\n        \t\t\t\t\t\t\t<a href=\"https:\/\/www.club-tennis-point.de\/gtv\/padel-workshops-beim-tag-des-tennis-jetzt-anmelden\/\">\n\t\t\t\t\t<span class=\"entry-posted-on\">18. M\u00e4rz 2026<\/span>\t\t\t\t\t<\/a>\n\t\t\t\t<h5 class=\"entry-title\"><a href=\"https:\/\/www.club-tennis-point.de\/gtv\/padel-workshops-beim-tag-des-tennis-jetzt-anmelden\/\" rel=\"bookmark\">Padel-Workshops beim Tag des Tennis \u2013 Jetzt anmelden!<\/a><\/h5>\t\t        \n\t\t\t<\/header><!-- .entry-header -->\n\t        \n\t       \t        \t<p>\n\t        \t\tIm Rahmen unseres Tag des Tennis freuen wir uns, euch ein besonderes Highlight pr\u00e4sentieren zu d\u00fcrfen: Gemeinsam mit unserem neuen... <div class=\"read-more-link-wrapper\"><a class=\"read-more-link\" href=\"https:\/\/www.club-tennis-point.de\/gtv\/padel-workshops-beim-tag-des-tennis-jetzt-anmelden\/\"><i class=\"icon-next\"><\/i>Weiterlesen<\/a><\/div>\n\t        \t\t\n\t        \t    <\/div><\/article>\n<article id=\"post-5829\" class=\"col-sm-4 masonry-item clearfix post-5829 post type-post status-publish format-standard has-post-thumbnail hentry category-allgemein\">\n        <a href=\"https:\/\/www.club-tennis-point.de\/gtv\/saisonvorbereitungen-beim-gtv-club-tennis-point\/\"> \n    <div class=\"content-img\">\n        <img loading=\"lazy\" decoding=\"async\" width=\"1000\" height=\"563\" src=\"https:\/\/www.club-tennis-point.de\/gtv\/wp-content\/uploads\/2026\/03\/WhatsApp-Image-2026-03-15-at-13.40.07-1-1000x563.jpeg\" class=\"attachment-gymx-img-size-blog size-gymx-img-size-blog wp-post-image\" alt=\"\" \/>    <\/div>\n<\/a>\n<div class=\"content-wrap\">\n\t    \t\n\t        <header class=\"entry-header\">\n        \t\t\n        \t\t\t\t\t\t\t<a href=\"https:\/\/www.club-tennis-point.de\/gtv\/saisonvorbereitungen-beim-gtv-club-tennis-point\/\">\n\t\t\t\t\t<span class=\"entry-posted-on\">17. M\u00e4rz 2026<\/span>\t\t\t\t\t<\/a>\n\t\t\t\t<h5 class=\"entry-title\"><a href=\"https:\/\/www.club-tennis-point.de\/gtv\/saisonvorbereitungen-beim-gtv-club-tennis-point\/\" rel=\"bookmark\">Saisonvorbereitungen beim GTV Club Tennis-Point<\/a><\/h5>\t\t        \n\t\t\t<\/header><!-- .entry-header -->\n\t        \n\t       \t        \t<p>\n\t        \t\tDie neue Saison steht vor der T\u00fcr und die Vorbereitungen laufen bereits auf Hochtouren! Auch in diesem Jahr entwickelt sich... <div class=\"read-more-link-wrapper\"><a class=\"read-more-link\" href=\"https:\/\/www.club-tennis-point.de\/gtv\/saisonvorbereitungen-beim-gtv-club-tennis-point\/\"><i class=\"icon-next\"><\/i>Weiterlesen<\/a><\/div>\n\t        \t\t\n\t        \t    <\/div><\/article>\n<article id=\"post-5822\" class=\"col-sm-4 masonry-item clearfix post-5822 post type-post status-publish format-standard has-post-thumbnail hentry category-allgemein\">\n        <a href=\"https:\/\/www.club-tennis-point.de\/gtv\/padeltraining-fruehjahr-sommer-2026-mit-franco-agustin-mazzoni\/\"> \n    <div class=\"content-img\">\n        <img loading=\"lazy\" decoding=\"async\" width=\"1000\" height=\"563\" src=\"https:\/\/www.club-tennis-point.de\/gtv\/wp-content\/uploads\/2026\/03\/wordpress-featured-image-1200x630-v2-1-1000x563.jpg\" class=\"attachment-gymx-img-size-blog size-gymx-img-size-blog wp-post-image\" alt=\"\" \/>    <\/div>\n<\/a>\n<div class=\"content-wrap\">\n\t    \t\n\t        <header class=\"entry-header\">\n        \t\t\n        \t\t\t\t\t\t\t<a href=\"https:\/\/www.club-tennis-point.de\/gtv\/padeltraining-fruehjahr-sommer-2026-mit-franco-agustin-mazzoni\/\">\n\t\t\t\t\t<span class=\"entry-posted-on\">15. M\u00e4rz 2026<\/span>\t\t\t\t\t<\/a>\n\t\t\t\t<h5 class=\"entry-title\"><a href=\"https:\/\/www.club-tennis-point.de\/gtv\/padeltraining-fruehjahr-sommer-2026-mit-franco-agustin-mazzoni\/\" rel=\"bookmark\">Padeltraining Fr\u00fchjahr\/Sommer 2026 mit Franco Agust\u00edn Mazzoni<\/a><\/h5>\t\t        \n\t\t\t<\/header><!-- .entry-header -->\n\t        \n\t       \t        \t<p>\n\t        \t\tGute Nachrichten aus dem GTV Club Tennis-Point! Ab sofort k\u00f6nnt ihr euch f\u00fcr unser Padeltraining anmelden \u2013 und wir haben... <div class=\"read-more-link-wrapper\"><a class=\"read-more-link\" href=\"https:\/\/www.club-tennis-point.de\/gtv\/padeltraining-fruehjahr-sommer-2026-mit-franco-agustin-mazzoni\/\"><i class=\"icon-next\"><\/i>Weiterlesen<\/a><\/div>\n\t        \t\t\n\t        \t    <\/div><\/article>\n<article id=\"post-5817\" class=\"col-sm-4 masonry-item clearfix post-5817 post type-post status-publish format-standard has-post-thumbnail hentry category-allgemein\">\n        <a href=\"https:\/\/www.club-tennis-point.de\/gtv\/mitgliederinformation-exklusiver-rabatt-bei-tennis-point\/\"> \n    <div class=\"content-img\">\n        <img loading=\"lazy\" decoding=\"async\" width=\"1000\" height=\"563\" src=\"https:\/\/www.club-tennis-point.de\/gtv\/wp-content\/uploads\/2026\/03\/CLUBDE_GT2073ACE_1000x563-1.png\" class=\"attachment-gymx-img-size-blog size-gymx-img-size-blog wp-post-image\" alt=\"\" srcset=\"https:\/\/www.club-tennis-point.de\/gtv\/wp-content\/uploads\/2026\/03\/CLUBDE_GT2073ACE_1000x563-1.png 1000w, https:\/\/www.club-tennis-point.de\/gtv\/wp-content\/uploads\/2026\/03\/CLUBDE_GT2073ACE_1000x563-1-300x169.png 300w, https:\/\/www.club-tennis-point.de\/gtv\/wp-content\/uploads\/2026\/03\/CLUBDE_GT2073ACE_1000x563-1-768x432.png 768w\" sizes=\"auto, (max-width: 1000px) 100vw, 1000px\" \/>    <\/div>\n<\/a>\n<div class=\"content-wrap\">\n\t    \t\n\t        <header class=\"entry-header\">\n        \t\t\n        \t\t\t\t\t\t\t<a href=\"https:\/\/www.club-tennis-point.de\/gtv\/mitgliederinformation-exklusiver-rabatt-bei-tennis-point\/\">\n\t\t\t\t\t<span class=\"entry-posted-on\">15. M\u00e4rz 2026<\/span>\t\t\t\t\t<\/a>\n\t\t\t\t<h5 class=\"entry-title\"><a href=\"https:\/\/www.club-tennis-point.de\/gtv\/mitgliederinformation-exklusiver-rabatt-bei-tennis-point\/\" rel=\"bookmark\">Mitgliederinformation \u2013 Exklusiver Rabatt bei Tennis-Point<\/a><\/h5>\t\t        \n\t\t\t<\/header><!-- .entry-header -->\n\t        \n\t       \t        \t<p>\n\t        \t\tDie neue Tennis- und Padel-Saison steht vor der T\u00fcr \u2013 Zeit f\u00fcr neues Equipment! Als Mitglied des GTV Club Tennis-Point... <div class=\"read-more-link-wrapper\"><a class=\"read-more-link\" href=\"https:\/\/www.club-tennis-point.de\/gtv\/mitgliederinformation-exklusiver-rabatt-bei-tennis-point\/\"><i class=\"icon-next\"><\/i>Weiterlesen<\/a><\/div>\n\t        \t\t\n\t        \t    <\/div><\/article>\n<article id=\"post-5812\" class=\"col-sm-4 masonry-item clearfix post-5812 post type-post status-publish format-standard has-post-thumbnail hentry category-allgemein\">\n        <a href=\"https:\/\/www.club-tennis-point.de\/gtv\/tag-des-tennis-padel-2026\/\"> \n    <div class=\"content-img\">\n        <img loading=\"lazy\" decoding=\"async\" width=\"1000\" height=\"563\" src=\"https:\/\/www.club-tennis-point.de\/gtv\/wp-content\/uploads\/2026\/03\/tag_des_tennis_wordpress_1200x675-1000x563.jpg\" class=\"attachment-gymx-img-size-blog size-gymx-img-size-blog wp-post-image\" alt=\"\" srcset=\"https:\/\/www.club-tennis-point.de\/gtv\/wp-content\/uploads\/2026\/03\/tag_des_tennis_wordpress_1200x675-1000x563.jpg 1000w, https:\/\/www.club-tennis-point.de\/gtv\/wp-content\/uploads\/2026\/03\/tag_des_tennis_wordpress_1200x675-300x169.jpg 300w, https:\/\/www.club-tennis-point.de\/gtv\/wp-content\/uploads\/2026\/03\/tag_des_tennis_wordpress_1200x675-1024x576.jpg 1024w, https:\/\/www.club-tennis-point.de\/gtv\/wp-content\/uploads\/2026\/03\/tag_des_tennis_wordpress_1200x675-768x432.jpg 768w, https:\/\/www.club-tennis-point.de\/gtv\/wp-content\/uploads\/2026\/03\/tag_des_tennis_wordpress_1200x675.jpg 1200w\" sizes=\"auto, (max-width: 1000px) 100vw, 1000px\" \/>    <\/div>\n<\/a>\n<div class=\"content-wrap\">\n\t    \t\n\t        <header class=\"entry-header\">\n        \t\t\n        \t\t\t\t\t\t\t<a href=\"https:\/\/www.club-tennis-point.de\/gtv\/tag-des-tennis-padel-2026\/\">\n\t\t\t\t\t<span class=\"entry-posted-on\">15. M\u00e4rz 2026<\/span>\t\t\t\t\t<\/a>\n\t\t\t\t<h5 class=\"entry-title\"><a href=\"https:\/\/www.club-tennis-point.de\/gtv\/tag-des-tennis-padel-2026\/\" rel=\"bookmark\">Tag des Tennis &#038; Padel 2026<\/a><\/h5>\t\t        \n\t\t\t<\/header><!-- .entry-header -->\n\t        \n\t       \t        \t<p>\n\t        \t\tLust auf Tennis oder Padel im Club der Zukunft? Dann komm uns am 18. April 2026 am Postdamm 35 besuchen.... <div class=\"read-more-link-wrapper\"><a class=\"read-more-link\" href=\"https:\/\/www.club-tennis-point.de\/gtv\/tag-des-tennis-padel-2026\/\"><i class=\"icon-next\"><\/i>Weiterlesen<\/a><\/div>\n\t        \t\t\n\t        \t    <\/div><\/article>\n<article id=\"post-5753\" class=\"col-sm-4 masonry-item clearfix post-5753 post type-post status-publish format-standard has-post-thumbnail hentry category-allgemein\">\n        <a href=\"https:\/\/www.club-tennis-point.de\/gtv\/mitgliederversammlung-2025\/\"> \n    <div class=\"content-img\">\n        <img loading=\"lazy\" decoding=\"async\" width=\"1000\" height=\"563\" src=\"https:\/\/www.club-tennis-point.de\/gtv\/wp-content\/uploads\/2025\/11\/Bildschirmfoto-2025-11-03-um-19.59.29-1000x563.png\" class=\"attachment-gymx-img-size-blog size-gymx-img-size-blog wp-post-image\" alt=\"Mitgliederversammlung 2025\" \/>    <\/div>\n<\/a>\n<div class=\"content-wrap\">\n\t    \t\n\t        <header class=\"entry-header\">\n        \t\t\n        \t\t\t\t\t\t\t<a href=\"https:\/\/www.club-tennis-point.de\/gtv\/mitgliederversammlung-2025\/\">\n\t\t\t\t\t<span class=\"entry-posted-on\">3. November 2025<\/span>\t\t\t\t\t<\/a>\n\t\t\t\t<h5 class=\"entry-title\"><a href=\"https:\/\/www.club-tennis-point.de\/gtv\/mitgliederversammlung-2025\/\" rel=\"bookmark\">Mitgliederversammlung 2025<\/a><\/h5>\t\t        \n\t\t\t<\/header><!-- .entry-header -->\n\t        \n\t       \t        \t<p>\n\t        \t\tLiebe Tennisspielerinnen und Tennisspieler, liebe Padelspielerinnen und Padelspieler, Einladung zur ordentlichen Mitgliederversammlung 2025 am Montag, den 24.11.2025, um 19:00 Uhr... <div class=\"read-more-link-wrapper\"><a class=\"read-more-link\" href=\"https:\/\/www.club-tennis-point.de\/gtv\/mitgliederversammlung-2025\/\"><i class=\"icon-next\"><\/i>Weiterlesen<\/a><\/div>\n\t        \t\t\n\t        \t    <\/div><\/article>\n<article id=\"post-5706\" class=\"col-sm-4 masonry-item clearfix post-5706 post type-post status-publish format-standard has-post-thumbnail hentry category-allgemein\">\n        <a href=\"https:\/\/www.club-tennis-point.de\/gtv\/19-07-the-padel-affair-padel-music-spritz\/\"> \n    <div class=\"content-img\">\n        <img loading=\"lazy\" decoding=\"async\" width=\"1000\" height=\"563\" src=\"https:\/\/www.club-tennis-point.de\/gtv\/wp-content\/uploads\/2025\/07\/The-Padel-Affair-Guetersloh-1000x563.jpg\" class=\"attachment-gymx-img-size-blog size-gymx-img-size-blog wp-post-image\" alt=\"The Padel Affair G\u00fctersloh\" \/>    <\/div>\n<\/a>\n<div class=\"content-wrap\">\n\t    \t\n\t        <header class=\"entry-header\">\n        \t\t\n        \t\t\t\t\t\t\t<a href=\"https:\/\/www.club-tennis-point.de\/gtv\/19-07-the-padel-affair-padel-music-spritz\/\">\n\t\t\t\t\t<span class=\"entry-posted-on\">10. Juli 2025<\/span>\t\t\t\t\t<\/a>\n\t\t\t\t<h5 class=\"entry-title\"><a href=\"https:\/\/www.club-tennis-point.de\/gtv\/19-07-the-padel-affair-padel-music-spritz\/\" rel=\"bookmark\">19.07. &#8211; The Padel Affair \u2013 Padel, Music &#038; Spritz<\/a><\/h5>\t\t        \n\t\t\t<\/header><!-- .entry-header -->\n\t        \n\t       \t        \t<p>\n\t        \t\tThe Padel Affair \u2013 Padel, Music &amp; Spritz Ein Sommer-Event mit Suchtfaktor: The Padel Affair steht f\u00fcr hei\u00dfe Matches, k\u00fchle... <div class=\"read-more-link-wrapper\"><a class=\"read-more-link\" href=\"https:\/\/www.club-tennis-point.de\/gtv\/19-07-the-padel-affair-padel-music-spritz\/\"><i class=\"icon-next\"><\/i>Weiterlesen<\/a><\/div>\n\t        \t\t\n\t        \t    <\/div><\/article>\n<article id=\"post-5691\" class=\"col-sm-4 masonry-item clearfix post-5691 post type-post status-publish format-standard has-post-thumbnail hentry category-allgemein\">\n        <a href=\"https:\/\/www.club-tennis-point.de\/gtv\/tag-der-offenen-tuer-beim-gtv-club-tennis-point-der-tagesablauf\/\"> \n    <div class=\"content-img\">\n        <img loading=\"lazy\" decoding=\"async\" width=\"1000\" height=\"563\" src=\"https:\/\/www.club-tennis-point.de\/gtv\/wp-content\/uploads\/2025\/06\/WhatsApp-Image-2025-06-21-at-09.06.27-e1751099223619-1000x563.jpeg\" class=\"attachment-gymx-img-size-blog size-gymx-img-size-blog wp-post-image\" alt=\"\" \/>    <\/div>\n<\/a>\n<div class=\"content-wrap\">\n\t    \t\n\t        <header class=\"entry-header\">\n        \t\t\n        \t\t\t\t\t\t\t<a href=\"https:\/\/www.club-tennis-point.de\/gtv\/tag-der-offenen-tuer-beim-gtv-club-tennis-point-der-tagesablauf\/\">\n\t\t\t\t\t<span class=\"entry-posted-on\">28. Juni 2025<\/span>\t\t\t\t\t<\/a>\n\t\t\t\t<h5 class=\"entry-title\"><a href=\"https:\/\/www.club-tennis-point.de\/gtv\/tag-der-offenen-tuer-beim-gtv-club-tennis-point-der-tagesablauf\/\" rel=\"bookmark\">Tag der offenen T\u00fcr beim GTV Club Tennis-Point &#8211; der Tagesablauf<\/a><\/h5>\t\t        \n\t\t\t<\/header><!-- .entry-header -->\n\t        \n\t       \t        \t<p>\n\t        \t\tLiebe Racketsport-Begeisterte, wir freuen uns, euch am morgigen Sonntag auf unserer Anlage begr\u00fc\u00dfen zu d\u00fcrfen: AUFSTIEGSSPIEL IN DIE WESTFALENLIGA: 1.\u2060... <div class=\"read-more-link-wrapper\"><a class=\"read-more-link\" href=\"https:\/\/www.club-tennis-point.de\/gtv\/tag-der-offenen-tuer-beim-gtv-club-tennis-point-der-tagesablauf\/\"><i class=\"icon-next\"><\/i>Weiterlesen<\/a><\/div>\n\t        \t\t\n\t        \t    <\/div><\/article>\n<article id=\"post-5637\" class=\"col-sm-4 masonry-item clearfix post-5637 post type-post status-publish format-standard has-post-thumbnail hentry category-allgemein\">\n        <a href=\"https:\/\/www.club-tennis-point.de\/gtv\/tag-der-offenen-tuer-im-club-der-zukunft\/\"> \n    <div class=\"content-img\">\n        <img loading=\"lazy\" decoding=\"async\" width=\"1000\" height=\"563\" src=\"https:\/\/www.club-tennis-point.de\/gtv\/wp-content\/uploads\/2025\/06\/GTV-Tag-der-offenen-Tuer-42-x-59.4-cm-2-1000x563.png\" class=\"attachment-gymx-img-size-blog size-gymx-img-size-blog wp-post-image\" alt=\"\" \/>    <\/div>\n<\/a>\n<div class=\"content-wrap\">\n\t    \t\n\t        <header class=\"entry-header\">\n        \t\t\n        \t\t\t\t\t\t\t<a href=\"https:\/\/www.club-tennis-point.de\/gtv\/tag-der-offenen-tuer-im-club-der-zukunft\/\">\n\t\t\t\t\t<span class=\"entry-posted-on\">13. Juni 2025<\/span>\t\t\t\t\t<\/a>\n\t\t\t\t<h5 class=\"entry-title\"><a href=\"https:\/\/www.club-tennis-point.de\/gtv\/tag-der-offenen-tuer-im-club-der-zukunft\/\" rel=\"bookmark\">Tag der offenen T\u00fcr &#8211; im Club der Zukunft<\/a><\/h5>\t\t        \n\t\t\t<\/header><!-- .entry-header -->\n\t        \n\t       \t        \t<p>\n\t        \t\tTag der offenen T\u00fcr beim GTV Club Tennis-Point \u2013 Entdecken, Erleben, Mitmachen! Der GTV Club Tennis-Point l\u00e4dt herzlich ein zum... <div class=\"read-more-link-wrapper\"><a class=\"read-more-link\" href=\"https:\/\/www.club-tennis-point.de\/gtv\/tag-der-offenen-tuer-im-club-der-zukunft\/\"><i class=\"icon-next\"><\/i>Weiterlesen<\/a><\/div>\n\t        \t\t\n\t        \t    <\/div><\/article>\n<article id=\"post-5630\" class=\"col-sm-4 masonry-item clearfix post-5630 post type-post status-publish format-standard has-post-thumbnail hentry category-allgemein\">\n        <a href=\"https:\/\/www.club-tennis-point.de\/gtv\/smash-sun-unsere-tennis-kids-sommercamps\/\"> \n    <div class=\"content-img\">\n        <img loading=\"lazy\" decoding=\"async\" width=\"1000\" height=\"563\" src=\"https:\/\/www.club-tennis-point.de\/gtv\/wp-content\/uploads\/2025\/05\/Yellow-Green-Red-Playful-For-Children-Summer-Camp-Flyer-1000x563.jpeg\" class=\"attachment-gymx-img-size-blog size-gymx-img-size-blog wp-post-image\" alt=\"\" \/>    <\/div>\n<\/a>\n<div class=\"content-wrap\">\n\t    \t\n\t        <header class=\"entry-header\">\n        \t\t\n        \t\t\t\t\t\t\t<a href=\"https:\/\/www.club-tennis-point.de\/gtv\/smash-sun-unsere-tennis-kids-sommercamps\/\">\n\t\t\t\t\t<span class=\"entry-posted-on\">31. Mai 2025<\/span>\t\t\t\t\t<\/a>\n\t\t\t\t<h5 class=\"entry-title\"><a href=\"https:\/\/www.club-tennis-point.de\/gtv\/smash-sun-unsere-tennis-kids-sommercamps\/\" rel=\"bookmark\">Smash &#038; Sun &#8211; Unsere Tennis Kids Sommercamps<\/a><\/h5>\t\t        \n\t\t\t<\/header><!-- .entry-header -->\n\t        \n\t       \t        \t<p>\n\t        \t\tDas Tennis-Sommercamp im GTV ist eine wunderbare M\u00f6glichkeit, die Sommerferien aktiv, sportlich und spa\u00dfig zu gestalten. W\u00e4hrend des Camps hast... <div class=\"read-more-link-wrapper\"><a class=\"read-more-link\" href=\"https:\/\/www.club-tennis-point.de\/gtv\/smash-sun-unsere-tennis-kids-sommercamps\/\"><i class=\"icon-next\"><\/i>Weiterlesen<\/a><\/div>\n\t        \t\t\n\t        \t    <\/div><\/article>\n<article id=\"post-5611\" class=\"col-sm-4 masonry-item clearfix post-5611 post type-post status-publish format-standard has-post-thumbnail hentry category-allgemein\">\n        <a href=\"https:\/\/www.club-tennis-point.de\/gtv\/30-04-03-05-1-dali-open\/\"> \n    <div class=\"content-img\">\n        <img loading=\"lazy\" decoding=\"async\" width=\"1000\" height=\"563\" src=\"https:\/\/www.club-tennis-point.de\/gtv\/wp-content\/uploads\/2025\/04\/dali-open-gtv-club-tennis-point-1000x563.jpg\" class=\"attachment-gymx-img-size-blog size-gymx-img-size-blog wp-post-image\" alt=\"DaLi Open im GTV Club Tennis-Point\" srcset=\"https:\/\/www.club-tennis-point.de\/gtv\/wp-content\/uploads\/2025\/04\/dali-open-gtv-club-tennis-point-1000x563.jpg 1000w, https:\/\/www.club-tennis-point.de\/gtv\/wp-content\/uploads\/2025\/04\/dali-open-gtv-club-tennis-point-300x169.jpg 300w, https:\/\/www.club-tennis-point.de\/gtv\/wp-content\/uploads\/2025\/04\/dali-open-gtv-club-tennis-point-1024x577.jpg 1024w, https:\/\/www.club-tennis-point.de\/gtv\/wp-content\/uploads\/2025\/04\/dali-open-gtv-club-tennis-point-768x433.jpg 768w, https:\/\/www.club-tennis-point.de\/gtv\/wp-content\/uploads\/2025\/04\/dali-open-gtv-club-tennis-point.jpg 1280w\" sizes=\"auto, (max-width: 1000px) 100vw, 1000px\" \/>    <\/div>\n<\/a>\n<div class=\"content-wrap\">\n\t    \t\n\t        <header class=\"entry-header\">\n        \t\t\n        \t\t\t\t\t\t\t<a href=\"https:\/\/www.club-tennis-point.de\/gtv\/30-04-03-05-1-dali-open\/\">\n\t\t\t\t\t<span class=\"entry-posted-on\">30. April 2025<\/span>\t\t\t\t\t<\/a>\n\t\t\t\t<h5 class=\"entry-title\"><a href=\"https:\/\/www.club-tennis-point.de\/gtv\/30-04-03-05-1-dali-open\/\" rel=\"bookmark\">30.04 &#8211; 03.05. 1. DaLi Open<\/a><\/h5>\t\t        \n\t\t\t<\/header><!-- .entry-header -->\n\t        \n\t       \t        \t<p>\n\t        \t\tDer in Halle\/Westfalen ans\u00e4ssige Turnierveranstalter DaLi Sports Management vertreten durch Thorsten Liebich, ehemals Turnierdirektion GERRY WEBER Open und langj\u00e4hriger Teamchef... <div class=\"read-more-link-wrapper\"><a class=\"read-more-link\" href=\"https:\/\/www.club-tennis-point.de\/gtv\/30-04-03-05-1-dali-open\/\"><i class=\"icon-next\"><\/i>Weiterlesen<\/a><\/div>\n\t        \t\t\n\t        \t    <\/div><\/article>\n<article id=\"post-5584\" class=\"col-sm-4 masonry-item clearfix post-5584 post type-post status-publish format-standard has-post-thumbnail hentry category-allgemein\">\n        <a href=\"https:\/\/www.club-tennis-point.de\/gtv\/12-april-tag-des-tennis-padel\/\"> \n    <div class=\"content-img\">\n        <img loading=\"lazy\" decoding=\"async\" width=\"1000\" height=\"563\" src=\"https:\/\/www.club-tennis-point.de\/gtv\/wp-content\/uploads\/2025\/04\/tag-des-tennis-2025-1000x563.jpg\" class=\"attachment-gymx-img-size-blog size-gymx-img-size-blog wp-post-image\" alt=\"Tag des Tennis G\u00fctersloh 2025\" srcset=\"https:\/\/www.club-tennis-point.de\/gtv\/wp-content\/uploads\/2025\/04\/tag-des-tennis-2025-1000x563.jpg 1000w, https:\/\/www.club-tennis-point.de\/gtv\/wp-content\/uploads\/2025\/04\/tag-des-tennis-2025-300x169.jpg 300w, https:\/\/www.club-tennis-point.de\/gtv\/wp-content\/uploads\/2025\/04\/tag-des-tennis-2025-1024x577.jpg 1024w, https:\/\/www.club-tennis-point.de\/gtv\/wp-content\/uploads\/2025\/04\/tag-des-tennis-2025-768x433.jpg 768w, https:\/\/www.club-tennis-point.de\/gtv\/wp-content\/uploads\/2025\/04\/tag-des-tennis-2025.jpg 1280w\" sizes=\"auto, (max-width: 1000px) 100vw, 1000px\" \/>    <\/div>\n<\/a>\n<div class=\"content-wrap\">\n\t    \t\n\t        <header class=\"entry-header\">\n        \t\t\n        \t\t\t\t\t\t\t<a href=\"https:\/\/www.club-tennis-point.de\/gtv\/12-april-tag-des-tennis-padel\/\">\n\t\t\t\t\t<span class=\"entry-posted-on\">7. April 2025<\/span>\t\t\t\t\t<\/a>\n\t\t\t\t<h5 class=\"entry-title\"><a href=\"https:\/\/www.club-tennis-point.de\/gtv\/12-april-tag-des-tennis-padel\/\" rel=\"bookmark\">12. April &#8211; Tag des Tennis &#038; Padel<\/a><\/h5>\t\t        \n\t\t\t<\/header><!-- .entry-header -->\n\t        \n\t       \t        \t<p>\n\t        \t\tLust auf Tennis oder Padel im Club der Zukunft? Dann komm uns am 12. April 2025 am Postdamm 35 besuchen.... <div class=\"read-more-link-wrapper\"><a class=\"read-more-link\" href=\"https:\/\/www.club-tennis-point.de\/gtv\/12-april-tag-des-tennis-padel\/\"><i class=\"icon-next\"><\/i>Weiterlesen<\/a><\/div>\n\t        \t\t\n\t        \t    <\/div><\/article>\n<article id=\"post-5434\" class=\"col-sm-4 masonry-item clearfix post-5434 post type-post status-publish format-standard has-post-thumbnail hentry category-allgemein\">\n        <a href=\"https:\/\/www.club-tennis-point.de\/gtv\/neueroeffnung-restaurant-eichenhof-1838\/\"> \n    <div class=\"content-img\">\n        <img loading=\"lazy\" decoding=\"async\" width=\"1000\" height=\"563\" src=\"https:\/\/www.club-tennis-point.de\/gtv\/wp-content\/uploads\/2025\/02\/eichenhof-1000x563.jpg\" class=\"attachment-gymx-img-size-blog size-gymx-img-size-blog wp-post-image\" alt=\"Restaurant Eichenhof G\u00fctersloh\" \/>    <\/div>\n<\/a>\n<div class=\"content-wrap\">\n\t    \t\n\t        <header class=\"entry-header\">\n        \t\t\n        \t\t\t\t\t\t\t<a href=\"https:\/\/www.club-tennis-point.de\/gtv\/neueroeffnung-restaurant-eichenhof-1838\/\">\n\t\t\t\t\t<span class=\"entry-posted-on\">14. Februar 2025<\/span>\t\t\t\t\t<\/a>\n\t\t\t\t<h5 class=\"entry-title\"><a href=\"https:\/\/www.club-tennis-point.de\/gtv\/neueroeffnung-restaurant-eichenhof-1838\/\" rel=\"bookmark\">Neuer\u00f6ffnung Restaurant Eichenhof 1838<\/a><\/h5>\t\t        \n\t\t\t<\/header><!-- .entry-header -->\n\t        \n\t       \t        \t<p>\n\t        \t\tLiebe Mitglieder des GTV Club Tennis-Point, wir freuen uns, euch mitteilen zu k\u00f6nnen, dass direkt neben unserer Tennis- und Padelanlage... <div class=\"read-more-link-wrapper\"><a class=\"read-more-link\" href=\"https:\/\/www.club-tennis-point.de\/gtv\/neueroeffnung-restaurant-eichenhof-1838\/\"><i class=\"icon-next\"><\/i>Weiterlesen<\/a><\/div>\n\t        \t\t\n\t        \t    <\/div><\/article>\n<article id=\"post-5412\" class=\"col-sm-4 masonry-item clearfix post-5412 post type-post status-publish format-standard has-post-thumbnail hentry category-allgemein\">\n        <a href=\"https:\/\/www.club-tennis-point.de\/gtv\/protokoll-der-jahreshauptversammlung-2024\/\"> \n    <div class=\"content-img\">\n        <img loading=\"lazy\" decoding=\"async\" width=\"1000\" height=\"563\" src=\"https:\/\/www.club-tennis-point.de\/gtv\/wp-content\/uploads\/2024\/04\/IMG_3713-1000x563.jpg\" class=\"attachment-gymx-img-size-blog size-gymx-img-size-blog wp-post-image\" alt=\"Clubhaus Tennisclub der Zukunft\" \/>    <\/div>\n<\/a>\n<div class=\"content-wrap\">\n\t    \t\n\t        <header class=\"entry-header\">\n        \t\t\n        \t\t\t\t\t\t\t<a href=\"https:\/\/www.club-tennis-point.de\/gtv\/protokoll-der-jahreshauptversammlung-2024\/\">\n\t\t\t\t\t<span class=\"entry-posted-on\">21. November 2024<\/span>\t\t\t\t\t<\/a>\n\t\t\t\t<h5 class=\"entry-title\"><a href=\"https:\/\/www.club-tennis-point.de\/gtv\/protokoll-der-jahreshauptversammlung-2024\/\" rel=\"bookmark\">Protokoll der Jahreshauptversammlung 2024<\/a><\/h5>\t\t        \n\t\t\t<\/header><!-- .entry-header -->\n\t        \n\t       \t        \t<p>\n\t        \t\tAm 20.11.2024 fand um 19.00-21.30 Uhr unsere Jahreshauptversammlung der Tennis- und Padelabteilung im GTV Vereinsheim in Georgstra\u00dfe statt. Anbei findet... <div class=\"read-more-link-wrapper\"><a class=\"read-more-link\" href=\"https:\/\/www.club-tennis-point.de\/gtv\/protokoll-der-jahreshauptversammlung-2024\/\"><i class=\"icon-next\"><\/i>Weiterlesen<\/a><\/div>\n\t        \t\t\n\t        \t    <\/div><\/article>\n<article id=\"post-5389\" class=\"col-sm-4 masonry-item clearfix post-5389 post type-post status-publish format-standard has-post-thumbnail hentry category-allgemein\">\n        <a href=\"https:\/\/www.club-tennis-point.de\/gtv\/einladung-zur-mitgliederversammlung-tennisabteilung\/\"> \n    <div class=\"content-img\">\n        <img loading=\"lazy\" decoding=\"async\" width=\"1000\" height=\"563\" src=\"https:\/\/www.club-tennis-point.de\/gtv\/wp-content\/uploads\/2021\/10\/2021-10-21-Tennishalle-77-1000x563.jpg\" class=\"attachment-gymx-img-size-blog size-gymx-img-size-blog wp-post-image\" alt=\"\" \/>    <\/div>\n<\/a>\n<div class=\"content-wrap\">\n\t    \t\n\t        <header class=\"entry-header\">\n        \t\t\n        \t\t\t\t\t\t\t<a href=\"https:\/\/www.club-tennis-point.de\/gtv\/einladung-zur-mitgliederversammlung-tennisabteilung\/\">\n\t\t\t\t\t<span class=\"entry-posted-on\">4. November 2024<\/span>\t\t\t\t\t<\/a>\n\t\t\t\t<h5 class=\"entry-title\"><a href=\"https:\/\/www.club-tennis-point.de\/gtv\/einladung-zur-mitgliederversammlung-tennisabteilung\/\" rel=\"bookmark\">Einladung zur Mitgliederversammlung Tennisabteilung<\/a><\/h5>\t\t        \n\t\t\t<\/header><!-- .entry-header -->\n\t        \n\t       \t        \t<p>\n\t        \t\t20. November ab 19 Uhr GTV Vereinsheim Georgstr. 44a Liebe Tennisspieler:innen, liebe Padelspieler:innen, satzungsgem\u00e4\u00df laden wir Euch hiermit zur Jahreshauptversammlung... <div class=\"read-more-link-wrapper\"><a class=\"read-more-link\" href=\"https:\/\/www.club-tennis-point.de\/gtv\/einladung-zur-mitgliederversammlung-tennisabteilung\/\"><i class=\"icon-next\"><\/i>Weiterlesen<\/a><\/div>\n\t        \t\t\n\t        \t    <\/div><\/article>\n<article id=\"post-5295\" class=\"col-sm-4 masonry-item clearfix post-5295 post type-post status-publish format-standard has-post-thumbnail hentry category-allgemein\">\n        <a href=\"https:\/\/www.club-tennis-point.de\/gtv\/westfalenmeister-gtv-herren40-2024\/\"> \n    <div class=\"content-img\">\n        <img loading=\"lazy\" decoding=\"async\" width=\"1000\" height=\"563\" src=\"https:\/\/www.club-tennis-point.de\/gtv\/wp-content\/uploads\/2023\/04\/GTV_Tennis_Drohne-1000x563.jpg\" class=\"attachment-gymx-img-size-blog size-gymx-img-size-blog wp-post-image\" alt=\"GTV Club der Zukunft G\u00fctersloh\" srcset=\"https:\/\/www.club-tennis-point.de\/gtv\/wp-content\/uploads\/2023\/04\/GTV_Tennis_Drohne-1000x563.jpg 1000w, https:\/\/www.club-tennis-point.de\/gtv\/wp-content\/uploads\/2023\/04\/GTV_Tennis_Drohne-300x169.jpg 300w, https:\/\/www.club-tennis-point.de\/gtv\/wp-content\/uploads\/2023\/04\/GTV_Tennis_Drohne-1024x576.jpg 1024w, https:\/\/www.club-tennis-point.de\/gtv\/wp-content\/uploads\/2023\/04\/GTV_Tennis_Drohne-768x432.jpg 768w, https:\/\/www.club-tennis-point.de\/gtv\/wp-content\/uploads\/2023\/04\/GTV_Tennis_Drohne-1536x865.jpg 1536w, https:\/\/www.club-tennis-point.de\/gtv\/wp-content\/uploads\/2023\/04\/GTV_Tennis_Drohne-2048x1153.jpg 2048w\" sizes=\"auto, (max-width: 1000px) 100vw, 1000px\" \/>    <\/div>\n<\/a>\n<div class=\"content-wrap\">\n\t    \t\n\t        <header class=\"entry-header\">\n        \t\t\n        \t\t\t\t\t\t\t<a href=\"https:\/\/www.club-tennis-point.de\/gtv\/westfalenmeister-gtv-herren40-2024\/\">\n\t\t\t\t\t<span class=\"entry-posted-on\">24. Juni 2024<\/span>\t\t\t\t\t<\/a>\n\t\t\t\t<h5 class=\"entry-title\"><a href=\"https:\/\/www.club-tennis-point.de\/gtv\/westfalenmeister-gtv-herren40-2024\/\" rel=\"bookmark\">FINALE am 29. Juni &#8211; Unsere Herren 40 k\u00e4mpfen um die Westfalenmeisterschaft<\/a><\/h5>\t\t        \n\t\t\t<\/header><!-- .entry-header -->\n\t        \n\t       \t        \t<p>\n\t        \t\tAn diesem Samstag treten unsere Herren 40 auf heimischem Boden gegen den TC Parkhaus Wanne-Eickel 1 an. Sie haben die... <div class=\"read-more-link-wrapper\"><a class=\"read-more-link\" href=\"https:\/\/www.club-tennis-point.de\/gtv\/westfalenmeister-gtv-herren40-2024\/\"><i class=\"icon-next\"><\/i>Weiterlesen<\/a><\/div>\n\t        \t\t\n\t        \t    <\/div><\/article>\n<article id=\"post-5276\" class=\"col-sm-4 masonry-item clearfix post-5276 post type-post status-publish format-standard has-post-thumbnail hentry category-allgemein\">\n        <a href=\"https:\/\/www.club-tennis-point.de\/gtv\/einladung-zur-mitgliederversammlung-des-guetersloher-turnvereins\/\"> \n    <div class=\"content-img\">\n        <img loading=\"lazy\" decoding=\"async\" width=\"728\" height=\"468\" src=\"https:\/\/www.club-tennis-point.de\/gtv\/wp-content\/uploads\/2024\/06\/einladung-mitglied.png\" class=\"attachment-gymx-img-size-blog size-gymx-img-size-blog wp-post-image\" alt=\"\" srcset=\"https:\/\/www.club-tennis-point.de\/gtv\/wp-content\/uploads\/2024\/06\/einladung-mitglied.png 728w, https:\/\/www.club-tennis-point.de\/gtv\/wp-content\/uploads\/2024\/06\/einladung-mitglied-300x193.png 300w\" sizes=\"auto, (max-width: 728px) 100vw, 728px\" \/>    <\/div>\n<\/a>\n<div class=\"content-wrap\">\n\t    \t\n\t        <header class=\"entry-header\">\n        \t\t\n        \t\t\t\t\t\t\t<a href=\"https:\/\/www.club-tennis-point.de\/gtv\/einladung-zur-mitgliederversammlung-des-guetersloher-turnvereins\/\">\n\t\t\t\t\t<span class=\"entry-posted-on\">13. Juni 2024<\/span>\t\t\t\t\t<\/a>\n\t\t\t\t<h5 class=\"entry-title\"><a href=\"https:\/\/www.club-tennis-point.de\/gtv\/einladung-zur-mitgliederversammlung-des-guetersloher-turnvereins\/\" rel=\"bookmark\">Einladung zur Mitgliederversammlung<\/a><\/h5>\t\t        \n\t\t\t<\/header><!-- .entry-header -->\n\t        \n\t       \t        \t<p>\n\t        \t\tEinladung zur Mitgliederversammlung des G\u00fctersloher Turnvereins von 1879 e.V. am Donnerstag, den 04.Juli 2024, um 19.30 Uhr im Vereinsheim, Georgstra\u00dfe... <div class=\"read-more-link-wrapper\"><a class=\"read-more-link\" href=\"https:\/\/www.club-tennis-point.de\/gtv\/einladung-zur-mitgliederversammlung-des-guetersloher-turnvereins\/\"><i class=\"icon-next\"><\/i>Weiterlesen<\/a><\/div>\n\t        \t\t\n\t        \t    <\/div><\/article>\n<article id=\"post-5236\" class=\"col-sm-4 masonry-item clearfix post-5236 post type-post status-publish format-standard has-post-thumbnail hentry category-allgemein\">\n        <a href=\"https:\/\/www.club-tennis-point.de\/gtv\/clubhaus-ab-sofort-regelmaessig-geoeffnet\/\"> \n    <div class=\"content-img\">\n        <img loading=\"lazy\" decoding=\"async\" width=\"1000\" height=\"563\" src=\"https:\/\/www.club-tennis-point.de\/gtv\/wp-content\/uploads\/2024\/05\/pexels-bohlemedia-1089930-1000x563.jpg\" class=\"attachment-gymx-img-size-blog size-gymx-img-size-blog wp-post-image\" alt=\"GTV Clubhaus regelm\u00e4\u00dfig ge\u00f6ffnet\" \/>    <\/div>\n<\/a>\n<div class=\"content-wrap\">\n\t    \t\n\t        <header class=\"entry-header\">\n        \t\t\n        \t\t\t\t\t\t\t<a href=\"https:\/\/www.club-tennis-point.de\/gtv\/clubhaus-ab-sofort-regelmaessig-geoeffnet\/\">\n\t\t\t\t\t<span class=\"entry-posted-on\">6. Mai 2024<\/span>\t\t\t\t\t<\/a>\n\t\t\t\t<h5 class=\"entry-title\"><a href=\"https:\/\/www.club-tennis-point.de\/gtv\/clubhaus-ab-sofort-regelmaessig-geoeffnet\/\" rel=\"bookmark\">Clubhaus ab sofort regelm\u00e4\u00dfig ge\u00f6ffnet!<\/a><\/h5>\t\t        \n\t\t\t<\/header><!-- .entry-header -->\n\t        \n\t       \t        \t<p>\n\t        \t\tWir haben sehr gute Nachrichten f\u00fcr euch! Unserem Aufruf nach Unterst\u00fctzung im Clubhaus Service sind einige gefolgt. Wir haben das... <div class=\"read-more-link-wrapper\"><a class=\"read-more-link\" href=\"https:\/\/www.club-tennis-point.de\/gtv\/clubhaus-ab-sofort-regelmaessig-geoeffnet\/\"><i class=\"icon-next\"><\/i>Weiterlesen<\/a><\/div>\n\t        \t\t\n\t        \t    <\/div><\/article>\n<article id=\"post-5228\" class=\"col-sm-4 masonry-item clearfix post-5228 post type-post status-publish format-standard has-post-thumbnail hentry category-allgemein\">\n        <a href=\"https:\/\/www.club-tennis-point.de\/gtv\/aushilfen-gesucht\/\"> \n    <div class=\"content-img\">\n        <img loading=\"lazy\" decoding=\"async\" width=\"1000\" height=\"563\" src=\"https:\/\/www.club-tennis-point.de\/gtv\/wp-content\/uploads\/2024\/04\/IMG_3713-1000x563.jpg\" class=\"attachment-gymx-img-size-blog size-gymx-img-size-blog wp-post-image\" alt=\"Clubhaus Tennisclub der Zukunft\" \/>    <\/div>\n<\/a>\n<div class=\"content-wrap\">\n\t    \t\n\t        <header class=\"entry-header\">\n        \t\t\n        \t\t\t\t\t\t\t<a href=\"https:\/\/www.club-tennis-point.de\/gtv\/aushilfen-gesucht\/\">\n\t\t\t\t\t<span class=\"entry-posted-on\">29. April 2024<\/span>\t\t\t\t\t<\/a>\n\t\t\t\t<h5 class=\"entry-title\"><a href=\"https:\/\/www.club-tennis-point.de\/gtv\/aushilfen-gesucht\/\" rel=\"bookmark\">Aushilfen gesucht!<\/a><\/h5>\t\t        \n\t\t\t<\/header><!-- .entry-header -->\n\t        \n\t       \t        \t<p>\n\t        \t\tGerne w\u00fcrden wir unser Clubhaus t\u00e4glich, unter der Woche abends und am Wochenende, bewirtschaften und daf\u00fcr brauchen wir eure Hilfe!... <div class=\"read-more-link-wrapper\"><a class=\"read-more-link\" href=\"https:\/\/www.club-tennis-point.de\/gtv\/aushilfen-gesucht\/\"><i class=\"icon-next\"><\/i>Weiterlesen<\/a><\/div>\n\t        \t\t\n\t        \t    <\/div><\/article>\n<article id=\"post-5214\" class=\"col-sm-4 masonry-item clearfix post-5214 post type-post status-publish format-standard has-post-thumbnail hentry category-allgemein\">\n        <a href=\"https:\/\/www.club-tennis-point.de\/gtv\/der-umbau-startet-und-endlich-kein-eisenhaltiges-wasser-mehr\/\"> \n    <div class=\"content-img\">\n        <img loading=\"lazy\" decoding=\"async\" width=\"1000\" height=\"563\" src=\"https:\/\/www.club-tennis-point.de\/gtv\/wp-content\/uploads\/2023\/08\/gtv-vereinsheim-1000x563.jpg\" class=\"attachment-gymx-img-size-blog size-gymx-img-size-blog wp-post-image\" alt=\"\" \/>    <\/div>\n<\/a>\n<div class=\"content-wrap\">\n\t    \t\n\t        <header class=\"entry-header\">\n        \t\t\n        \t\t\t\t\t\t\t<a href=\"https:\/\/www.club-tennis-point.de\/gtv\/der-umbau-startet-und-endlich-kein-eisenhaltiges-wasser-mehr\/\">\n\t\t\t\t\t<span class=\"entry-posted-on\">25. April 2024<\/span>\t\t\t\t\t<\/a>\n\t\t\t\t<h5 class=\"entry-title\"><a href=\"https:\/\/www.club-tennis-point.de\/gtv\/der-umbau-startet-und-endlich-kein-eisenhaltiges-wasser-mehr\/\" rel=\"bookmark\">Der Umbau startet und endlich kein eisenhaltiges Wasser mehr<\/a><\/h5>\t\t        \n\t\t\t<\/header><!-- .entry-header -->\n\t        \n\t       \t        \t<p>\n\t        \t\tLiebe Mitglieder, wir freuen uns, euch \u00fcber die neuesten Entwicklungen auf unserer Anlage zu informieren. Der Umbau und die Errichtung... <div class=\"read-more-link-wrapper\"><a class=\"read-more-link\" href=\"https:\/\/www.club-tennis-point.de\/gtv\/der-umbau-startet-und-endlich-kein-eisenhaltiges-wasser-mehr\/\"><i class=\"icon-next\"><\/i>Weiterlesen<\/a><\/div>\n\t        \t\t\n\t        \t    <\/div><\/article>\n<article id=\"post-5092\" class=\"col-sm-4 masonry-item clearfix post-5092 post type-post status-publish format-standard has-post-thumbnail hentry category-allgemein\">\n        <a href=\"https:\/\/www.club-tennis-point.de\/gtv\/einladung-zur-ordentlichen-mitgliederversammlung-der-tennisabteilung-2023\/\"> \n    <div class=\"content-img\">\n        <img loading=\"lazy\" decoding=\"async\" width=\"1000\" height=\"563\" src=\"https:\/\/www.club-tennis-point.de\/gtv\/wp-content\/uploads\/2022\/12\/gtv_protokoll-1000x563.png\" class=\"attachment-gymx-img-size-blog size-gymx-img-size-blog wp-post-image\" alt=\"\" \/>    <\/div>\n<\/a>\n<div class=\"content-wrap\">\n\t    \t\n\t        <header class=\"entry-header\">\n        \t\t\n        \t\t\t\t\t\t\t<a href=\"https:\/\/www.club-tennis-point.de\/gtv\/einladung-zur-ordentlichen-mitgliederversammlung-der-tennisabteilung-2023\/\">\n\t\t\t\t\t<span class=\"entry-posted-on\">30. Oktober 2023<\/span>\t\t\t\t\t<\/a>\n\t\t\t\t<h5 class=\"entry-title\"><a href=\"https:\/\/www.club-tennis-point.de\/gtv\/einladung-zur-ordentlichen-mitgliederversammlung-der-tennisabteilung-2023\/\" rel=\"bookmark\">Einladung zur ordentlichen Mitgliederversammlung der Tennisabteilung 2023<\/a><\/h5>\t\t        \n\t\t\t<\/header><!-- .entry-header -->\n\t        \n\t       \t        \t<p>\n\t        \t\tDatum: 14. November um 19.00 Uhr Ort: Georgstra\u00dfe 44a, 33334 G\u00fctersloh Liebe Tennisspieler:innen, liebe Padelspieler:innen, eine in vieler Hinsicht ereignisreiche,... <div class=\"read-more-link-wrapper\"><a class=\"read-more-link\" href=\"https:\/\/www.club-tennis-point.de\/gtv\/einladung-zur-ordentlichen-mitgliederversammlung-der-tennisabteilung-2023\/\"><i class=\"icon-next\"><\/i>Weiterlesen<\/a><\/div>\n\t        \t\t\n\t        \t    <\/div><\/article>\n<article id=\"post-5087\" class=\"col-sm-4 masonry-item clearfix post-5087 post type-post status-publish format-standard has-post-thumbnail hentry category-allgemein\">\n        <a href=\"https:\/\/www.club-tennis-point.de\/gtv\/update-zur-aktuellen-situation\/\"> \n    <div class=\"content-img\">\n        <img loading=\"lazy\" decoding=\"async\" width=\"1000\" height=\"563\" src=\"https:\/\/www.club-tennis-point.de\/gtv\/wp-content\/uploads\/2021\/11\/DJI_0301_MJ-scaled-1-1000x563.jpg\" class=\"attachment-gymx-img-size-blog size-gymx-img-size-blog wp-post-image\" alt=\"\" srcset=\"https:\/\/www.club-tennis-point.de\/gtv\/wp-content\/uploads\/2021\/11\/DJI_0301_MJ-scaled-1-1000x563.jpg 1000w, https:\/\/www.club-tennis-point.de\/gtv\/wp-content\/uploads\/2021\/11\/DJI_0301_MJ-scaled-1-300x169.jpg 300w, https:\/\/www.club-tennis-point.de\/gtv\/wp-content\/uploads\/2021\/11\/DJI_0301_MJ-scaled-1-1024x576.jpg 1024w, https:\/\/www.club-tennis-point.de\/gtv\/wp-content\/uploads\/2021\/11\/DJI_0301_MJ-scaled-1-768x432.jpg 768w, https:\/\/www.club-tennis-point.de\/gtv\/wp-content\/uploads\/2021\/11\/DJI_0301_MJ-scaled-1-1536x865.jpg 1536w, https:\/\/www.club-tennis-point.de\/gtv\/wp-content\/uploads\/2021\/11\/DJI_0301_MJ-scaled-1-2048x1153.jpg 2048w\" sizes=\"auto, (max-width: 1000px) 100vw, 1000px\" \/>    <\/div>\n<\/a>\n<div class=\"content-wrap\">\n\t    \t\n\t        <header class=\"entry-header\">\n        \t\t\n        \t\t\t\t\t\t\t<a href=\"https:\/\/www.club-tennis-point.de\/gtv\/update-zur-aktuellen-situation\/\">\n\t\t\t\t\t<span class=\"entry-posted-on\">23. Oktober 2023<\/span>\t\t\t\t\t<\/a>\n\t\t\t\t<h5 class=\"entry-title\"><a href=\"https:\/\/www.club-tennis-point.de\/gtv\/update-zur-aktuellen-situation\/\" rel=\"bookmark\">Update zur aktuellen Situation<\/a><\/h5>\t\t        \n\t\t\t<\/header><!-- .entry-header -->\n\t        \n\t       \t        \t<p>\n\t        \t\tLiebe Mitglieder der Tennisabteilung im GTV, \u201eTennis-Point ist insolvent\u201c titelte die Lokalpresse am vergangenen Samstag und hat damit sicher bei... <div class=\"read-more-link-wrapper\"><a class=\"read-more-link\" href=\"https:\/\/www.club-tennis-point.de\/gtv\/update-zur-aktuellen-situation\/\"><i class=\"icon-next\"><\/i>Weiterlesen<\/a><\/div>\n\t        \t\t\n\t        \t    <\/div><\/article>\n<article id=\"post-5066\" class=\"col-sm-4 masonry-item clearfix post-5066 post type-post status-publish format-standard has-post-thumbnail hentry category-allgemein\">\n        <a href=\"https:\/\/www.club-tennis-point.de\/gtv\/17-10-mitgliederversammlung-schon-wieder\/\"> \n    <div class=\"content-img\">\n        <img loading=\"lazy\" decoding=\"async\" width=\"1000\" height=\"563\" src=\"https:\/\/www.club-tennis-point.de\/gtv\/wp-content\/uploads\/2023\/08\/gtv-vereinsheim-1000x563.jpg\" class=\"attachment-gymx-img-size-blog size-gymx-img-size-blog wp-post-image\" alt=\"\" \/>    <\/div>\n<\/a>\n<div class=\"content-wrap\">\n\t    \t\n\t        <header class=\"entry-header\">\n        \t\t\n        \t\t\t\t\t\t\t<a href=\"https:\/\/www.club-tennis-point.de\/gtv\/17-10-mitgliederversammlung-schon-wieder\/\">\n\t\t\t\t\t<span class=\"entry-posted-on\">7. Oktober 2023<\/span>\t\t\t\t\t<\/a>\n\t\t\t\t<h5 class=\"entry-title\"><a href=\"https:\/\/www.club-tennis-point.de\/gtv\/17-10-mitgliederversammlung-schon-wieder\/\" rel=\"bookmark\">17.10. Mitgliederversammlung &#8211; Schon wieder?<\/a><\/h5>\t\t        \n\t\t\t<\/header><!-- .entry-header -->\n\t        \n\t       \t        \t<p>\n\t        \t\tSchon wieder? Ja, liebe Mitglieder der Tennisabteilung, wir brauchen Euch! Und zwar noch dringender als beim entt\u00e4uschenden letzten Mal! Danke,... <div class=\"read-more-link-wrapper\"><a class=\"read-more-link\" href=\"https:\/\/www.club-tennis-point.de\/gtv\/17-10-mitgliederversammlung-schon-wieder\/\"><i class=\"icon-next\"><\/i>Weiterlesen<\/a><\/div>\n\t        \t\t\n\t        \t    <\/div><\/article>\n<article id=\"post-5034\" class=\"col-sm-4 masonry-item clearfix post-5034 post type-post status-publish format-standard has-post-thumbnail hentry category-allgemein\">\n        <a href=\"https:\/\/www.club-tennis-point.de\/gtv\/16-09-2-guetersloher-head-padel-cup\/\"> \n    <div class=\"content-img\">\n        <img loading=\"lazy\" decoding=\"async\" width=\"1000\" height=\"563\" src=\"https:\/\/www.club-tennis-point.de\/gtv\/wp-content\/uploads\/2022\/08\/padel-cup-guetersloh-1-1000x563.jpg\" class=\"attachment-gymx-img-size-blog size-gymx-img-size-blog wp-post-image\" alt=\"\" \/>    <\/div>\n<\/a>\n<div class=\"content-wrap\">\n\t    \t\n\t        <header class=\"entry-header\">\n        \t\t\n        \t\t\t\t\t\t\t<a href=\"https:\/\/www.club-tennis-point.de\/gtv\/16-09-2-guetersloher-head-padel-cup\/\">\n\t\t\t\t\t<span class=\"entry-posted-on\">8. September 2023<\/span>\t\t\t\t\t<\/a>\n\t\t\t\t<h5 class=\"entry-title\"><a href=\"https:\/\/www.club-tennis-point.de\/gtv\/16-09-2-guetersloher-head-padel-cup\/\" rel=\"bookmark\">16.09. &#8211; 2. G\u00fctersloher HEAD Padel-Cup<\/a><\/h5>\t\t        \n\t\t\t<\/header><!-- .entry-header -->\n\t        \n\t       \t        \t<p>\n\t        \t\tAm Samstag, den 16.09. und Sonntag, den 17.09. ist es endlich soweit! Beim GTV Club Tennis-Point findet der 2. G\u00fctersloher... <div class=\"read-more-link-wrapper\"><a class=\"read-more-link\" href=\"https:\/\/www.club-tennis-point.de\/gtv\/16-09-2-guetersloher-head-padel-cup\/\"><i class=\"icon-next\"><\/i>Weiterlesen<\/a><\/div>\n\t        \t\t\n\t        \t    <\/div><\/article>\n<article id=\"post-5032\" class=\"col-sm-4 masonry-item clearfix post-5032 post type-post status-publish format-standard has-post-thumbnail hentry category-allgemein\">\n        <a href=\"https:\/\/www.club-tennis-point.de\/gtv\/23-09-1-guetersloher-street-racket-stadtmeisterschaften\/\"> \n    <div class=\"content-img\">\n        <img loading=\"lazy\" decoding=\"async\" width=\"1000\" height=\"563\" src=\"https:\/\/www.club-tennis-point.de\/gtv\/wp-content\/uploads\/2023\/09\/PHOTO-2023-08-13-11-59-31_8-1000x563.jpg\" class=\"attachment-gymx-img-size-blog size-gymx-img-size-blog wp-post-image\" alt=\"\" \/>    <\/div>\n<\/a>\n<div class=\"content-wrap\">\n\t    \t\n\t        <header class=\"entry-header\">\n        \t\t\n        \t\t\t\t\t\t\t<a href=\"https:\/\/www.club-tennis-point.de\/gtv\/23-09-1-guetersloher-street-racket-stadtmeisterschaften\/\">\n\t\t\t\t\t<span class=\"entry-posted-on\">8. September 2023<\/span>\t\t\t\t\t<\/a>\n\t\t\t\t<h5 class=\"entry-title\"><a href=\"https:\/\/www.club-tennis-point.de\/gtv\/23-09-1-guetersloher-street-racket-stadtmeisterschaften\/\" rel=\"bookmark\">23.09. \u2013 1. G\u00dcTERSLOHER STREET RACKET STADTMEISTERSCHAFTEN<\/a><\/h5>\t\t        \n\t\t\t<\/header><!-- .entry-header -->\n\t        \n\t       \t        \t<p>\n\t        \t\tWir freuen uns, die allerersten G\u00fctersloher Street Racket Stadtmeisterschaften anzuk\u00fcndigen, die am\u00a023. September 2023\u00a0im\u00a0GTV (Tennisabteilung), Postdamm 35, 33334 G\u00fctersloh\u00a0stattfinden werden.... <div class=\"read-more-link-wrapper\"><a class=\"read-more-link\" href=\"https:\/\/www.club-tennis-point.de\/gtv\/23-09-1-guetersloher-street-racket-stadtmeisterschaften\/\"><i class=\"icon-next\"><\/i>Weiterlesen<\/a><\/div>\n\t        \t\t\n\t        \t    <\/div><\/article>\n<article id=\"post-5014\" class=\"col-sm-4 masonry-item clearfix post-5014 post type-post status-publish format-standard has-post-thumbnail hentry category-allgemein\">\n        <a href=\"https:\/\/www.club-tennis-point.de\/gtv\/mitgliederversammlung-gtv-2023\/\"> \n    <div class=\"content-img\">\n        <img loading=\"lazy\" decoding=\"async\" width=\"1000\" height=\"563\" src=\"https:\/\/www.club-tennis-point.de\/gtv\/wp-content\/uploads\/2023\/08\/gtv-vereinsheim-1000x563.jpg\" class=\"attachment-gymx-img-size-blog size-gymx-img-size-blog wp-post-image\" alt=\"\" \/>    <\/div>\n<\/a>\n<div class=\"content-wrap\">\n\t    \t\n\t        <header class=\"entry-header\">\n        \t\t\n        \t\t\t\t\t\t\t<a href=\"https:\/\/www.club-tennis-point.de\/gtv\/mitgliederversammlung-gtv-2023\/\">\n\t\t\t\t\t<span class=\"entry-posted-on\">21. August 2023<\/span>\t\t\t\t\t<\/a>\n\t\t\t\t<h5 class=\"entry-title\"><a href=\"https:\/\/www.club-tennis-point.de\/gtv\/mitgliederversammlung-gtv-2023\/\" rel=\"bookmark\">06. September &#8211; Wichtige Mitgliederversammlung des GTV<\/a><\/h5>\t\t        \n\t\t\t<\/header><!-- .entry-header -->\n\t        \n\t       \t        \t<p>\n\t        \t\tAm 06. September findet die Mitgliederversammlung des Gesamtvereins statt und wir brauchen deine Stimme. Es geht um zwei Abstimmungen f\u00fcr... <div class=\"read-more-link-wrapper\"><a class=\"read-more-link\" href=\"https:\/\/www.club-tennis-point.de\/gtv\/mitgliederversammlung-gtv-2023\/\"><i class=\"icon-next\"><\/i>Weiterlesen<\/a><\/div>\n\t        \t\t\n\t        \t    <\/div><\/article>\n<article id=\"post-4940\" class=\"col-sm-4 masonry-item clearfix post-4940 post type-post status-publish format-standard has-post-thumbnail hentry category-allgemein\">\n        <a href=\"https:\/\/www.club-tennis-point.de\/gtv\/summer-party-2023\/\"> \n    <div class=\"content-img\">\n        <img loading=\"lazy\" decoding=\"async\" width=\"500\" height=\"375\" src=\"https:\/\/www.club-tennis-point.de\/gtv\/wp-content\/uploads\/2023\/07\/eversports_summer_party.jpg\" class=\"attachment-gymx-img-size-blog size-gymx-img-size-blog wp-post-image\" alt=\"GTV Tennis - Summer Party 2023\" srcset=\"https:\/\/www.club-tennis-point.de\/gtv\/wp-content\/uploads\/2023\/07\/eversports_summer_party.jpg 500w, https:\/\/www.club-tennis-point.de\/gtv\/wp-content\/uploads\/2023\/07\/eversports_summer_party-300x225.jpg 300w\" sizes=\"auto, (max-width: 500px) 100vw, 500px\" \/>    <\/div>\n<\/a>\n<div class=\"content-wrap\">\n\t    \t\n\t        <header class=\"entry-header\">\n        \t\t\n        \t\t\t\t\t\t\t<a href=\"https:\/\/www.club-tennis-point.de\/gtv\/summer-party-2023\/\">\n\t\t\t\t\t<span class=\"entry-posted-on\">24. Juli 2023<\/span>\t\t\t\t\t<\/a>\n\t\t\t\t<h5 class=\"entry-title\"><a href=\"https:\/\/www.club-tennis-point.de\/gtv\/summer-party-2023\/\" rel=\"bookmark\">19. August &#8211; GTV Summer Party<\/a><\/h5>\t\t        \n\t\t\t<\/header><!-- .entry-header -->\n\t        \n\t       \t        \t<p>\n\t        \t\tAm 19. August findet ab 16 Uhr unser gro\u00dfes Sommerfest statt. Wir m\u00f6chten mit allen Mitgliedern, Partner*innen und Familien des... <div class=\"read-more-link-wrapper\"><a class=\"read-more-link\" href=\"https:\/\/www.club-tennis-point.de\/gtv\/summer-party-2023\/\"><i class=\"icon-next\"><\/i>Weiterlesen<\/a><\/div>\n\t        \t\t\n\t        \t    <\/div><\/article>\n<article id=\"post-4932\" class=\"col-sm-4 masonry-item clearfix post-4932 post type-post status-publish format-standard has-post-thumbnail hentry category-allgemein\">\n        <a href=\"https:\/\/www.club-tennis-point.de\/gtv\/jetzt-mitglied-werden-und-40-euro-sparen\/\"> \n    <div class=\"content-img\">\n        <img loading=\"lazy\" decoding=\"async\" width=\"1000\" height=\"563\" src=\"https:\/\/www.club-tennis-point.de\/gtv\/wp-content\/uploads\/2023\/06\/GTV-Mitglieder-Aktion-Post-3-1000x563.png\" class=\"attachment-gymx-img-size-blog size-gymx-img-size-blog wp-post-image\" alt=\"DOSB Vereinscheck Aktion Tennis\" \/>    <\/div>\n<\/a>\n<div class=\"content-wrap\">\n\t    \t\n\t        <header class=\"entry-header\">\n        \t\t\n        \t\t\t\t\t\t\t<a href=\"https:\/\/www.club-tennis-point.de\/gtv\/jetzt-mitglied-werden-und-40-euro-sparen\/\">\n\t\t\t\t\t<span class=\"entry-posted-on\">28. Juni 2023<\/span>\t\t\t\t\t<\/a>\n\t\t\t\t<h5 class=\"entry-title\"><a href=\"https:\/\/www.club-tennis-point.de\/gtv\/jetzt-mitglied-werden-und-40-euro-sparen\/\" rel=\"bookmark\">Jetzt Mitglied werden und 40 Euro sparen<\/a><\/h5>\t\t        \n\t\t\t<\/header><!-- .entry-header -->\n\t        \n\t       \t        \t<p>\n\t        \t\tLiebe Tennis- und Padelfreunde, vom DOSB gibt aktuell eine ganz tolle Aktion. F\u00fcr eine Neumitgliedschaft erhaltet ihr 40\u20ac Zuschuss pro... <div class=\"read-more-link-wrapper\"><a class=\"read-more-link\" href=\"https:\/\/www.club-tennis-point.de\/gtv\/jetzt-mitglied-werden-und-40-euro-sparen\/\"><i class=\"icon-next\"><\/i>Weiterlesen<\/a><\/div>\n\t        \t\t\n\t        \t    <\/div><\/article>\n<article id=\"post-4919\" class=\"col-sm-4 masonry-item clearfix post-4919 post type-post status-publish format-standard has-post-thumbnail hentry category-allgemein\">\n        <a href=\"https:\/\/www.club-tennis-point.de\/gtv\/gaertner-gartenhilfe-gesucht\/\"> \n    <div class=\"content-img\">\n        <img loading=\"lazy\" decoding=\"async\" width=\"1000\" height=\"563\" src=\"https:\/\/www.club-tennis-point.de\/gtv\/wp-content\/uploads\/2023\/06\/gaertner-1000x563.jpg\" class=\"attachment-gymx-img-size-blog size-gymx-img-size-blog wp-post-image\" alt=\"G\u00e4rtner in G\u00fctersloh gesucht\" \/>    <\/div>\n<\/a>\n<div class=\"content-wrap\">\n\t    \t\n\t        <header class=\"entry-header\">\n        \t\t\n        \t\t\t\t\t\t\t<a href=\"https:\/\/www.club-tennis-point.de\/gtv\/gaertner-gartenhilfe-gesucht\/\">\n\t\t\t\t\t<span class=\"entry-posted-on\">7. Juni 2023<\/span>\t\t\t\t\t<\/a>\n\t\t\t\t<h5 class=\"entry-title\"><a href=\"https:\/\/www.club-tennis-point.de\/gtv\/gaertner-gartenhilfe-gesucht\/\" rel=\"bookmark\">G\u00e4rtner\/Gartenhilfe gesucht!<\/a><\/h5>\t\t        \n\t\t\t<\/header><!-- .entry-header -->\n\t        \n\t       \t        \t<p>\n\t        \t\tWir m\u00f6chten unsere gesamte Anlage in G\u00fctersloh noch besser pflegen und suchen jemanden mit gr\u00fcnem Daumen, der\/die sich selbstst\u00e4ndig um... <div class=\"read-more-link-wrapper\"><a class=\"read-more-link\" href=\"https:\/\/www.club-tennis-point.de\/gtv\/gaertner-gartenhilfe-gesucht\/\"><i class=\"icon-next\"><\/i>Weiterlesen<\/a><\/div>\n\t        \t\t\n\t        \t    <\/div><\/article>\n<article id=\"post-4915\" class=\"col-sm-4 masonry-item clearfix post-4915 post type-post status-publish format-standard has-post-thumbnail hentry category-allgemein\">\n        <a href=\"https:\/\/www.club-tennis-point.de\/gtv\/tennistreff-2023-kostenlos\/\"> \n    <div class=\"content-img\">\n        <img loading=\"lazy\" decoding=\"async\" width=\"1000\" height=\"563\" src=\"https:\/\/www.club-tennis-point.de\/gtv\/wp-content\/uploads\/2023\/06\/tennistreff-1000x563.png\" class=\"attachment-gymx-img-size-blog size-gymx-img-size-blog wp-post-image\" alt=\"\" \/>    <\/div>\n<\/a>\n<div class=\"content-wrap\">\n\t    \t\n\t        <header class=\"entry-header\">\n        \t\t\n        \t\t\t\t\t\t\t<a href=\"https:\/\/www.club-tennis-point.de\/gtv\/tennistreff-2023-kostenlos\/\">\n\t\t\t\t\t<span class=\"entry-posted-on\">5. Juni 2023<\/span>\t\t\t\t\t<\/a>\n\t\t\t\t<h5 class=\"entry-title\"><a href=\"https:\/\/www.club-tennis-point.de\/gtv\/tennistreff-2023-kostenlos\/\" rel=\"bookmark\">Tennistreff 2023 (kostenlos)<\/a><\/h5>\t\t        \n\t\t\t<\/header><!-- .entry-header -->\n\t        \n\t       \t        \t<p>\n\t        \t\tWie bereits im letzten Jahr findet auch wieder unser Tennistreff statt. Die einen sind jetzt schon einige Monate im Verein,... <div class=\"read-more-link-wrapper\"><a class=\"read-more-link\" href=\"https:\/\/www.club-tennis-point.de\/gtv\/tennistreff-2023-kostenlos\/\"><i class=\"icon-next\"><\/i>Weiterlesen<\/a><\/div>\n\t        \t\t\n\t        \t    <\/div><\/article>\n<article id=\"post-4903\" class=\"col-sm-4 masonry-item clearfix post-4903 post type-post status-publish format-standard has-post-thumbnail hentry category-allgemein\">\n        <a href=\"https:\/\/www.club-tennis-point.de\/gtv\/tennis-sommerferien-camps-im-gtv\/\"> \n    <div class=\"content-img\">\n        <img loading=\"lazy\" decoding=\"async\" width=\"1000\" height=\"563\" src=\"https:\/\/www.club-tennis-point.de\/gtv\/wp-content\/uploads\/2023\/06\/kids_sommercamp-1000x563.jpg\" class=\"attachment-gymx-img-size-blog size-gymx-img-size-blog wp-post-image\" alt=\"Tennis Sommercamp 2023\" \/>    <\/div>\n<\/a>\n<div class=\"content-wrap\">\n\t    \t\n\t        <header class=\"entry-header\">\n        \t\t\n        \t\t\t\t\t\t\t<a href=\"https:\/\/www.club-tennis-point.de\/gtv\/tennis-sommerferien-camps-im-gtv\/\">\n\t\t\t\t\t<span class=\"entry-posted-on\">1. Juni 2023<\/span>\t\t\t\t\t<\/a>\n\t\t\t\t<h5 class=\"entry-title\"><a href=\"https:\/\/www.club-tennis-point.de\/gtv\/tennis-sommerferien-camps-im-gtv\/\" rel=\"bookmark\">Tennis-Sommerferien-Camps im GTV<\/a><\/h5>\t\t        \n\t\t\t<\/header><!-- .entry-header -->\n\t        \n\t       \t        \t<p>\n\t        \t\tSPIEL, SPASS UND VIEL TENNIS ! Der Sommer ist da und wir beginnen ihn mit voller Energie bei der diesj\u00e4hrigen... <div class=\"read-more-link-wrapper\"><a class=\"read-more-link\" href=\"https:\/\/www.club-tennis-point.de\/gtv\/tennis-sommerferien-camps-im-gtv\/\"><i class=\"icon-next\"><\/i>Weiterlesen<\/a><\/div>\n\t        \t\t\n\t        \t    <\/div><\/article>\n<article id=\"post-4897\" class=\"col-sm-4 masonry-item clearfix post-4897 post type-post status-publish format-standard has-post-thumbnail hentry category-allgemein\">\n        <a href=\"https:\/\/www.club-tennis-point.de\/gtv\/mitglieder-mit-handwerklichem-geschick-gesucht\/\"> \n    <div class=\"content-img\">\n        <img loading=\"lazy\" decoding=\"async\" width=\"565\" height=\"376\" src=\"https:\/\/www.club-tennis-point.de\/gtv\/wp-content\/uploads\/2023\/05\/handwerker_gtv.png\" class=\"attachment-gymx-img-size-blog size-gymx-img-size-blog wp-post-image\" alt=\"\" srcset=\"https:\/\/www.club-tennis-point.de\/gtv\/wp-content\/uploads\/2023\/05\/handwerker_gtv.png 565w, https:\/\/www.club-tennis-point.de\/gtv\/wp-content\/uploads\/2023\/05\/handwerker_gtv-300x200.png 300w, https:\/\/www.club-tennis-point.de\/gtv\/wp-content\/uploads\/2023\/05\/handwerker_gtv-391x260.png 391w\" sizes=\"auto, (max-width: 565px) 100vw, 565px\" \/>    <\/div>\n<\/a>\n<div class=\"content-wrap\">\n\t    \t\n\t        <header class=\"entry-header\">\n        \t\t\n        \t\t\t\t\t\t\t<a href=\"https:\/\/www.club-tennis-point.de\/gtv\/mitglieder-mit-handwerklichem-geschick-gesucht\/\">\n\t\t\t\t\t<span class=\"entry-posted-on\">16. Mai 2023<\/span>\t\t\t\t\t<\/a>\n\t\t\t\t<h5 class=\"entry-title\"><a href=\"https:\/\/www.club-tennis-point.de\/gtv\/mitglieder-mit-handwerklichem-geschick-gesucht\/\" rel=\"bookmark\">Mitglieder mit handwerklichem Geschick gesucht!<\/a><\/h5>\t\t        \n\t\t\t<\/header><!-- .entry-header -->\n\t        \n\t       \t        \t<p>\n\t        \t\tWie schon angek\u00fcndigt, bekommt unser Clubheim einen neuen Look. Unser Ziel ist es eine gem\u00fctliche Atmosph\u00e4re zu schaffen und daf\u00fcr... <div class=\"read-more-link-wrapper\"><a class=\"read-more-link\" href=\"https:\/\/www.club-tennis-point.de\/gtv\/mitglieder-mit-handwerklichem-geschick-gesucht\/\"><i class=\"icon-next\"><\/i>Weiterlesen<\/a><\/div>\n\t        \t\t\n\t        \t    <\/div><\/article>\n<article id=\"post-4890\" class=\"col-sm-4 masonry-item clearfix post-4890 post type-post status-publish format-standard has-post-thumbnail hentry category-allgemein\">\n        <a href=\"https:\/\/www.club-tennis-point.de\/gtv\/teams-support\/\"> \n    <div class=\"content-img\">\n        <img loading=\"lazy\" decoding=\"async\" width=\"1000\" height=\"563\" src=\"https:\/\/www.club-tennis-point.de\/gtv\/wp-content\/uploads\/2023\/05\/pexels-pixabay-209977-1000x563.jpg\" class=\"attachment-gymx-img-size-blog size-gymx-img-size-blog wp-post-image\" alt=\"Teams Support\" \/>    <\/div>\n<\/a>\n<div class=\"content-wrap\">\n\t    \t\n\t        <header class=\"entry-header\">\n        \t\t\n        \t\t\t\t\t\t\t<a href=\"https:\/\/www.club-tennis-point.de\/gtv\/teams-support\/\">\n\t\t\t\t\t<span class=\"entry-posted-on\">9. Mai 2023<\/span>\t\t\t\t\t<\/a>\n\t\t\t\t<h5 class=\"entry-title\"><a href=\"https:\/\/www.club-tennis-point.de\/gtv\/teams-support\/\" rel=\"bookmark\">Supported unsere Teams! Helft uns bei den Medenspielen<\/a><\/h5>\t\t        \n\t\t\t<\/header><!-- .entry-header -->\n\t        \n\t       \t        \t<p>\n\t        \t\tLiebe Mitglieder*innen, an den Spieltagen der Medenspiele brauchen wir Eure Unterst\u00fctzung in unserem Clubraum. Damit die Mannschaften und Besucher gut... <div class=\"read-more-link-wrapper\"><a class=\"read-more-link\" href=\"https:\/\/www.club-tennis-point.de\/gtv\/teams-support\/\"><i class=\"icon-next\"><\/i>Weiterlesen<\/a><\/div>\n\t        \t\t\n\t        \t    <\/div><\/article>\n<article id=\"post-4874\" class=\"col-sm-4 masonry-item clearfix post-4874 post type-post status-publish format-standard has-post-thumbnail hentry category-allgemein\">\n        <a href=\"https:\/\/www.club-tennis-point.de\/gtv\/neue-fast-learning-kurse-fuer-sommer-2023\/\"> \n    <div class=\"content-img\">\n        <img loading=\"lazy\" decoding=\"async\" width=\"941\" height=\"559\" src=\"https:\/\/www.club-tennis-point.de\/gtv\/wp-content\/uploads\/2023\/01\/advanced-tennistraining-guetersloh.jpg\" class=\"attachment-gymx-img-size-blog size-gymx-img-size-blog wp-post-image\" alt=\"Advanced Tennistraining in G\u00fctersloh\" srcset=\"https:\/\/www.club-tennis-point.de\/gtv\/wp-content\/uploads\/2023\/01\/advanced-tennistraining-guetersloh.jpg 941w, https:\/\/www.club-tennis-point.de\/gtv\/wp-content\/uploads\/2023\/01\/advanced-tennistraining-guetersloh-300x178.jpg 300w, https:\/\/www.club-tennis-point.de\/gtv\/wp-content\/uploads\/2023\/01\/advanced-tennistraining-guetersloh-768x456.jpg 768w\" sizes=\"auto, (max-width: 941px) 100vw, 941px\" \/>    <\/div>\n<\/a>\n<div class=\"content-wrap\">\n\t    \t\n\t        <header class=\"entry-header\">\n        \t\t\n        \t\t\t\t\t\t\t<a href=\"https:\/\/www.club-tennis-point.de\/gtv\/neue-fast-learning-kurse-fuer-sommer-2023\/\">\n\t\t\t\t\t<span class=\"entry-posted-on\">28. April 2023<\/span>\t\t\t\t\t<\/a>\n\t\t\t\t<h5 class=\"entry-title\"><a href=\"https:\/\/www.club-tennis-point.de\/gtv\/neue-fast-learning-kurse-fuer-sommer-2023\/\" rel=\"bookmark\">Neue Fast-Learning-Kurse f\u00fcr Sommer 2023<\/a><\/h5>\t\t        \n\t\t\t<\/header><!-- .entry-header -->\n\t        \n\t       \t        \t<p>\n\t        \t\tDiesen Sommer finden wieder zahlreiche Fast-Learning-Kurse statt, damit Anf\u00e4nger und Fortgeschrittenen optimal Tennis spielen erlernen und die F\u00e4higkeiten auf ein... <div class=\"read-more-link-wrapper\"><a class=\"read-more-link\" href=\"https:\/\/www.club-tennis-point.de\/gtv\/neue-fast-learning-kurse-fuer-sommer-2023\/\"><i class=\"icon-next\"><\/i>Weiterlesen<\/a><\/div>\n\t        \t\t\n\t        \t    <\/div><\/article>\n<article id=\"post-4850\" class=\"col-sm-4 masonry-item clearfix post-4850 post type-post status-publish format-standard has-post-thumbnail hentry category-allgemein\">\n        <a href=\"https:\/\/www.club-tennis-point.de\/gtv\/saison-2023\/\"> \n    <div class=\"content-img\">\n        <img loading=\"lazy\" decoding=\"async\" width=\"1000\" height=\"563\" src=\"https:\/\/www.club-tennis-point.de\/gtv\/wp-content\/uploads\/2018\/02\/2021-09-05-Tag-der-offenen-Tuer-32-1000x563.jpg\" class=\"attachment-gymx-img-size-blog size-gymx-img-size-blog wp-post-image\" alt=\"\" \/>    <\/div>\n<\/a>\n<div class=\"content-wrap\">\n\t    \t\n\t        <header class=\"entry-header\">\n        \t\t\n        \t\t\t\t\t\t\t<a href=\"https:\/\/www.club-tennis-point.de\/gtv\/saison-2023\/\">\n\t\t\t\t\t<span class=\"entry-posted-on\">21. April 2023<\/span>\t\t\t\t\t<\/a>\n\t\t\t\t<h5 class=\"entry-title\"><a href=\"https:\/\/www.club-tennis-point.de\/gtv\/saison-2023\/\" rel=\"bookmark\">Saisoner\u00f6ffnung 2023<\/a><\/h5>\t\t        \n\t\t\t<\/header><!-- .entry-header -->\n\t        \n\t       \t        \t<p>\n\t        \t\tLiebe Mitglieder*innen, endlich ist es wieder soweit und die Tennis-Au\u00dfensaison beginnt. Morgen am 22. April \u00f6ffnen unsere Pl\u00e4tze und parallel... <div class=\"read-more-link-wrapper\"><a class=\"read-more-link\" href=\"https:\/\/www.club-tennis-point.de\/gtv\/saison-2023\/\"><i class=\"icon-next\"><\/i>Weiterlesen<\/a><\/div>\n\t        \t\t\n\t        \t    <\/div><\/article>\n<article id=\"post-4801\" class=\"col-sm-4 masonry-item clearfix post-4801 post type-post status-publish format-standard has-post-thumbnail hentry category-allgemein\">\n        <a href=\"https:\/\/www.club-tennis-point.de\/gtv\/arbeitseinsatz-2023\/\"> \n    <div class=\"content-img\">\n        <img loading=\"lazy\" decoding=\"async\" width=\"1000\" height=\"563\" src=\"https:\/\/www.club-tennis-point.de\/gtv\/wp-content\/uploads\/2023\/03\/saisonvorbereitung-1000x563.jpg\" class=\"attachment-gymx-img-size-blog size-gymx-img-size-blog wp-post-image\" alt=\"Saisonvorbereitung 2023\" \/>    <\/div>\n<\/a>\n<div class=\"content-wrap\">\n\t    \t\n\t        <header class=\"entry-header\">\n        \t\t\n        \t\t\t\t\t\t\t<a href=\"https:\/\/www.club-tennis-point.de\/gtv\/arbeitseinsatz-2023\/\">\n\t\t\t\t\t<span class=\"entry-posted-on\">29. M\u00e4rz 2023<\/span>\t\t\t\t\t<\/a>\n\t\t\t\t<h5 class=\"entry-title\"><a href=\"https:\/\/www.club-tennis-point.de\/gtv\/arbeitseinsatz-2023\/\" rel=\"bookmark\">Arbeitseinsatz 2023<\/a><\/h5>\t\t        \n\t\t\t<\/header><!-- .entry-header -->\n\t        \n\t       \t        \t<p>\n\t        \t\tDie neue Saison steht schon in den Startl\u00f6chern und daher gehts nun an die finalen Vorbereitungen und hier ben\u00f6tigen wir... <div class=\"read-more-link-wrapper\"><a class=\"read-more-link\" href=\"https:\/\/www.club-tennis-point.de\/gtv\/arbeitseinsatz-2023\/\"><i class=\"icon-next\"><\/i>Weiterlesen<\/a><\/div>\n\t        \t\t\n\t        \t    <\/div><\/article>\n<article id=\"post-4779\" class=\"col-sm-4 masonry-item clearfix post-4779 post type-post status-publish format-standard has-post-thumbnail hentry category-allgemein\">\n        <a href=\"https:\/\/www.club-tennis-point.de\/gtv\/22-april-tag-des-tennis-in-guetersloh\/\"> \n    <div class=\"content-img\">\n        <img loading=\"lazy\" decoding=\"async\" width=\"1000\" height=\"563\" src=\"https:\/\/www.club-tennis-point.de\/gtv\/wp-content\/uploads\/2023\/03\/tag-des-tennis-gt-1000x563.jpg\" class=\"attachment-gymx-img-size-blog size-gymx-img-size-blog wp-post-image\" alt=\"Tag des Tennis GT\" \/>    <\/div>\n<\/a>\n<div class=\"content-wrap\">\n\t    \t\n\t        <header class=\"entry-header\">\n        \t\t\n        \t\t\t\t\t\t\t<a href=\"https:\/\/www.club-tennis-point.de\/gtv\/22-april-tag-des-tennis-in-guetersloh\/\">\n\t\t\t\t\t<span class=\"entry-posted-on\">15. M\u00e4rz 2023<\/span>\t\t\t\t\t<\/a>\n\t\t\t\t<h5 class=\"entry-title\"><a href=\"https:\/\/www.club-tennis-point.de\/gtv\/22-april-tag-des-tennis-in-guetersloh\/\" rel=\"bookmark\">22. April &#8211; Tag des Tennis in G\u00fctersloh<\/a><\/h5>\t\t        \n\t\t\t<\/header><!-- .entry-header -->\n\t        \n\t       \t        \t<p>\n\t        \t\tLust auf Tennis oder Padel im Club der Zukunft? Dann besuch uns am 22. April 2023 am Postdamm 35. Um... <div class=\"read-more-link-wrapper\"><a class=\"read-more-link\" href=\"https:\/\/www.club-tennis-point.de\/gtv\/22-april-tag-des-tennis-in-guetersloh\/\"><i class=\"icon-next\"><\/i>Weiterlesen<\/a><\/div>\n\t        \t\t\n\t        \t    <\/div><\/article>\n<article id=\"post-4706\" class=\"col-sm-4 masonry-item clearfix post-4706 post type-post status-publish format-standard has-post-thumbnail hentry category-allgemein\">\n        <a href=\"https:\/\/www.club-tennis-point.de\/gtv\/protokoll-mitgliederversammlung-2022\/\"> \n    <div class=\"content-img\">\n        <img loading=\"lazy\" decoding=\"async\" width=\"1000\" height=\"563\" src=\"https:\/\/www.club-tennis-point.de\/gtv\/wp-content\/uploads\/2022\/12\/gtv_protokoll-1000x563.png\" class=\"attachment-gymx-img-size-blog size-gymx-img-size-blog wp-post-image\" alt=\"\" \/>    <\/div>\n<\/a>\n<div class=\"content-wrap\">\n\t    \t\n\t        <header class=\"entry-header\">\n        \t\t\n        \t\t\t\t\t\t\t<a href=\"https:\/\/www.club-tennis-point.de\/gtv\/protokoll-mitgliederversammlung-2022\/\">\n\t\t\t\t\t<span class=\"entry-posted-on\">22. November 2022<\/span>\t\t\t\t\t<\/a>\n\t\t\t\t<h5 class=\"entry-title\"><a href=\"https:\/\/www.club-tennis-point.de\/gtv\/protokoll-mitgliederversammlung-2022\/\" rel=\"bookmark\">Mitgliederversammlung 2022<\/a><\/h5>\t\t        \n\t\t\t<\/header><!-- .entry-header -->\n\t        \n\t       \t        \t<p>\n\t        \t\tLiebe Tennisspieler:innen, liebe Padelspieler:innen, wieder mal liegt eine spannende Saison hinter uns und das Jahr neigt sich dem Ende zu.... <div class=\"read-more-link-wrapper\"><a class=\"read-more-link\" href=\"https:\/\/www.club-tennis-point.de\/gtv\/protokoll-mitgliederversammlung-2022\/\"><i class=\"icon-next\"><\/i>Weiterlesen<\/a><\/div>\n\t        \t\t\n\t        \t    <\/div><\/article>\n<article id=\"post-4563\" class=\"col-sm-4 masonry-item clearfix post-4563 post type-post status-publish format-standard has-post-thumbnail hentry category-allgemein\">\n        <a href=\"https:\/\/www.club-tennis-point.de\/gtv\/saisoneroeffnung-am-1-mai\/\"> \n    <div class=\"content-img\">\n        <img loading=\"lazy\" decoding=\"async\" width=\"1000\" height=\"563\" src=\"https:\/\/www.club-tennis-point.de\/gtv\/wp-content\/uploads\/2021\/11\/DJI_0301_MJ-scaled-1-1000x563.jpg\" class=\"attachment-gymx-img-size-blog size-gymx-img-size-blog wp-post-image\" alt=\"\" srcset=\"https:\/\/www.club-tennis-point.de\/gtv\/wp-content\/uploads\/2021\/11\/DJI_0301_MJ-scaled-1-1000x563.jpg 1000w, https:\/\/www.club-tennis-point.de\/gtv\/wp-content\/uploads\/2021\/11\/DJI_0301_MJ-scaled-1-300x169.jpg 300w, https:\/\/www.club-tennis-point.de\/gtv\/wp-content\/uploads\/2021\/11\/DJI_0301_MJ-scaled-1-1024x576.jpg 1024w, https:\/\/www.club-tennis-point.de\/gtv\/wp-content\/uploads\/2021\/11\/DJI_0301_MJ-scaled-1-768x432.jpg 768w, https:\/\/www.club-tennis-point.de\/gtv\/wp-content\/uploads\/2021\/11\/DJI_0301_MJ-scaled-1-1536x865.jpg 1536w, https:\/\/www.club-tennis-point.de\/gtv\/wp-content\/uploads\/2021\/11\/DJI_0301_MJ-scaled-1-2048x1153.jpg 2048w\" sizes=\"auto, (max-width: 1000px) 100vw, 1000px\" \/>    <\/div>\n<\/a>\n<div class=\"content-wrap\">\n\t    \t\n\t        <header class=\"entry-header\">\n        \t\t\n        \t\t\t\t\t\t\t<a href=\"https:\/\/www.club-tennis-point.de\/gtv\/saisoneroeffnung-am-1-mai\/\">\n\t\t\t\t\t<span class=\"entry-posted-on\">12. April 2022<\/span>\t\t\t\t\t<\/a>\n\t\t\t\t<h5 class=\"entry-title\"><a href=\"https:\/\/www.club-tennis-point.de\/gtv\/saisoneroeffnung-am-1-mai\/\" rel=\"bookmark\">Saisoner\u00f6ffnung am 1. Mai<\/a><\/h5>\t\t        \n\t\t\t<\/header><!-- .entry-header -->\n\t        \n\t       \t        \t<p>\n\t        \t\tAm 01.05.2022 feiert der GTV Club Tennis-Point in G\u00fctersloh mit Freunden, Bekannten, Interessierten, Jung und Alt die Saisoner\u00f6ffnung mit einem... <div class=\"read-more-link-wrapper\"><a class=\"read-more-link\" href=\"https:\/\/www.club-tennis-point.de\/gtv\/saisoneroeffnung-am-1-mai\/\"><i class=\"icon-next\"><\/i>Weiterlesen<\/a><\/div>\n\t        \t\t\n\t        \t    <\/div><\/article>\n<article id=\"post-4123\" class=\"col-sm-4 masonry-item clearfix post-4123 post type-post status-publish format-standard has-post-thumbnail hentry category-allgemein\">\n        <a href=\"https:\/\/www.club-tennis-point.de\/gtv\/tag-der-offenen-tuer-der-tennisclub-der-zukunft-stellt-sich-vor\/\"> \n    <div class=\"content-img\">\n        <img loading=\"lazy\" decoding=\"async\" width=\"1000\" height=\"563\" src=\"https:\/\/www.club-tennis-point.de\/gtv\/wp-content\/uploads\/2021\/09\/DJI_0227-1000x563.jpg\" class=\"attachment-gymx-img-size-blog size-gymx-img-size-blog wp-post-image\" alt=\"\" srcset=\"https:\/\/www.club-tennis-point.de\/gtv\/wp-content\/uploads\/2021\/09\/DJI_0227-1000x563.jpg 1000w, https:\/\/www.club-tennis-point.de\/gtv\/wp-content\/uploads\/2021\/09\/DJI_0227-300x169.jpg 300w, https:\/\/www.club-tennis-point.de\/gtv\/wp-content\/uploads\/2021\/09\/DJI_0227-1024x576.jpg 1024w, https:\/\/www.club-tennis-point.de\/gtv\/wp-content\/uploads\/2021\/09\/DJI_0227-768x432.jpg 768w, https:\/\/www.club-tennis-point.de\/gtv\/wp-content\/uploads\/2021\/09\/DJI_0227-1536x864.jpg 1536w, https:\/\/www.club-tennis-point.de\/gtv\/wp-content\/uploads\/2021\/09\/DJI_0227-2048x1152.jpg 2048w\" sizes=\"auto, (max-width: 1000px) 100vw, 1000px\" \/>    <\/div>\n<\/a>\n<div class=\"content-wrap\">\n\t    \t\n\t        <header class=\"entry-header\">\n        \t\t\n        \t\t\t\t\t\t\t<a href=\"https:\/\/www.club-tennis-point.de\/gtv\/tag-der-offenen-tuer-der-tennisclub-der-zukunft-stellt-sich-vor\/\">\n\t\t\t\t\t<span class=\"entry-posted-on\">6. September 2021<\/span>\t\t\t\t\t<\/a>\n\t\t\t\t<h5 class=\"entry-title\"><a href=\"https:\/\/www.club-tennis-point.de\/gtv\/tag-der-offenen-tuer-der-tennisclub-der-zukunft-stellt-sich-vor\/\" rel=\"bookmark\">Tag der offenen T\u00fcr R\u00fcckblick<\/a><\/h5>\t\t        \n\t\t\t<\/header><!-- .entry-header -->\n\t        \n\t       \t        \t<p>\n\t        \t\tFreundliche Gesichter, herrliches\u00a0Wetter und viel Prominenz\u00a0\u2013 so macht Tennis richtig Spa\u00df!\u00a0Der Club Tennis-Point\u202fund der\u00a0G\u00fctersloher Turnverein\u00a0haben am Sonntag, den 5. September,... <div class=\"read-more-link-wrapper\"><a class=\"read-more-link\" href=\"https:\/\/www.club-tennis-point.de\/gtv\/tag-der-offenen-tuer-der-tennisclub-der-zukunft-stellt-sich-vor\/\"><i class=\"icon-next\"><\/i>Weiterlesen<\/a><\/div>\n\t        \t\t\n\t        \t    <\/div><\/article>\n<article id=\"post-4116\" class=\"col-sm-4 masonry-item clearfix post-4116 post type-post status-publish format-standard has-post-thumbnail hentry category-allgemein\">\n        <a href=\"https:\/\/www.club-tennis-point.de\/gtv\/padel-in-guetersloh\/\"> \n    <div class=\"content-img\">\n        <img loading=\"lazy\" decoding=\"async\" width=\"1000\" height=\"563\" src=\"https:\/\/www.club-tennis-point.de\/gtv\/wp-content\/uploads\/2018\/02\/Padelcourts_CTP-GTV-30-1000x563.jpg\" class=\"attachment-gymx-img-size-blog size-gymx-img-size-blog wp-post-image\" alt=\"\" \/>    <\/div>\n<\/a>\n<div class=\"content-wrap\">\n\t    \t\n\t        <header class=\"entry-header\">\n        \t\t\n        \t\t\t\t\t\t\t<a href=\"https:\/\/www.club-tennis-point.de\/gtv\/padel-in-guetersloh\/\">\n\t\t\t\t\t<span class=\"entry-posted-on\">5. September 2021<\/span>\t\t\t\t\t<\/a>\n\t\t\t\t<h5 class=\"entry-title\"><a href=\"https:\/\/www.club-tennis-point.de\/gtv\/padel-in-guetersloh\/\" rel=\"bookmark\">NEU: Padel in G\u00fctersloh<\/a><\/h5>\t\t        \n\t\t\t<\/header><!-- .entry-header -->\n\t        \n\t       \t        \t<p>\n\t        \t\tBereits im Juli 2021 wurden beim GTV - Club Tennis-Point zwei neue und topmoderne Padelpl\u00e4tze er\u00f6ffnet. Am Sonntag, den 05.09.2021,... <div class=\"read-more-link-wrapper\"><a class=\"read-more-link\" href=\"https:\/\/www.club-tennis-point.de\/gtv\/padel-in-guetersloh\/\"><i class=\"icon-next\"><\/i>Weiterlesen<\/a><\/div>\n\t        \t\t\n\t        \t    <\/div><\/article>\n<article id=\"post-3236\" class=\"col-sm-4 masonry-item clearfix post-3236 post type-post status-publish format-standard has-post-thumbnail hentry category-allgemein\">\n        <a href=\"https:\/\/www.club-tennis-point.de\/gtv\/tag-der-offenen-tuer-2021\/\"> \n    <div class=\"content-img\">\n        <img loading=\"lazy\" decoding=\"async\" width=\"1000\" height=\"563\" src=\"https:\/\/www.club-tennis-point.de\/gtv\/wp-content\/uploads\/2021\/08\/banner_1-1000x563.jpg\" class=\"attachment-gymx-img-size-blog size-gymx-img-size-blog wp-post-image\" alt=\"\" \/>    <\/div>\n<\/a>\n<div class=\"content-wrap\">\n\t    \t\n\t        <header class=\"entry-header\">\n        \t\t\n        \t\t\t\t\t\t\t<a href=\"https:\/\/www.club-tennis-point.de\/gtv\/tag-der-offenen-tuer-2021\/\">\n\t\t\t\t\t<span class=\"entry-posted-on\">1. August 2021<\/span>\t\t\t\t\t<\/a>\n\t\t\t\t<h5 class=\"entry-title\"><a href=\"https:\/\/www.club-tennis-point.de\/gtv\/tag-der-offenen-tuer-2021\/\" rel=\"bookmark\">Tag der offenen T\u00fcr im GTV &#8211; Club Tennis-Point<\/a><\/h5>\t\t        \n\t\t\t<\/header><!-- .entry-header -->\n\t        \n\t       \t        \t<p>\n\t        \t\tTag der offenen T\u00fcr im GTV - Club Tennis-Point 05.09.2021 | 11:00 - 18:00 Vor einigen Monaten hat die Tennisabteilung... <div class=\"read-more-link-wrapper\"><a class=\"read-more-link\" href=\"https:\/\/www.club-tennis-point.de\/gtv\/tag-der-offenen-tuer-2021\/\"><i class=\"icon-next\"><\/i>Weiterlesen<\/a><\/div>\n\t        \t\t\n\t        \t    <\/div><\/article>\n<article id=\"post-3235\" class=\"col-sm-4 masonry-item clearfix post-3235 post type-post status-publish format-standard has-post-thumbnail hentry category-allgemein tag-fitness tag-spinning\">\n        <a href=\"https:\/\/www.club-tennis-point.de\/gtv\/new-body-core-courses\/\"> \n    <div class=\"content-img\">\n        <img loading=\"lazy\" decoding=\"async\" width=\"1000\" height=\"563\" src=\"https:\/\/www.club-tennis-point.de\/gtv\/wp-content\/uploads\/2018\/02\/Padelcourts_CTP-GTV-2-1000x563.jpg\" class=\"attachment-gymx-img-size-blog size-gymx-img-size-blog wp-post-image\" alt=\"\" \/>    <\/div>\n<\/a>\n<div class=\"content-wrap\">\n\t    \t\n\t        <header class=\"entry-header\">\n        \t\t\n        \t\t\t\t\t\t\t<a href=\"https:\/\/www.club-tennis-point.de\/gtv\/new-body-core-courses\/\">\n\t\t\t\t\t<span class=\"entry-posted-on\">8. April 2021<\/span>\t\t\t\t\t<\/a>\n\t\t\t\t<h5 class=\"entry-title\"><a href=\"https:\/\/www.club-tennis-point.de\/gtv\/new-body-core-courses\/\" rel=\"bookmark\">Umbau auf der Tennisanlage<\/a><\/h5>\t\t        \n\t\t\t<\/header><!-- .entry-header -->\n\t        \n\t       \t        \t<p>\n\t        \t\tJedes Fr\u00fchjahr vor dem Beginn der Freiluftsaison herrscht auf unseren Pl\u00e4tzen rege Betriebsamkeit. Auch 2021 wurden unsere vier Ziegelmehlpl\u00e4tze wieder... <div class=\"read-more-link-wrapper\"><a class=\"read-more-link\" href=\"https:\/\/www.club-tennis-point.de\/gtv\/new-body-core-courses\/\"><i class=\"icon-next\"><\/i>Weiterlesen<\/a><\/div>\n\t        \t\t\n\t        \t    <\/div><\/article>\n<article id=\"post-4518\" class=\"col-sm-4 masonry-item clearfix post-4518 post type-post status-publish format-standard has-post-thumbnail hentry category-allgemein\">\n        <a href=\"https:\/\/www.club-tennis-point.de\/gtv\/kooperation-mit-tennis-point\/\"> \n    <div class=\"content-img\">\n        <img loading=\"lazy\" decoding=\"async\" width=\"678\" height=\"500\" src=\"https:\/\/www.club-tennis-point.de\/gtv\/wp-content\/uploads\/2022\/03\/2021_Platzumbau_Vertragsunterschrift.jpg\" class=\"attachment-gymx-img-size-blog size-gymx-img-size-blog wp-post-image\" alt=\"\" srcset=\"https:\/\/www.club-tennis-point.de\/gtv\/wp-content\/uploads\/2022\/03\/2021_Platzumbau_Vertragsunterschrift.jpg 678w, https:\/\/www.club-tennis-point.de\/gtv\/wp-content\/uploads\/2022\/03\/2021_Platzumbau_Vertragsunterschrift-300x221.jpg 300w\" sizes=\"auto, (max-width: 678px) 100vw, 678px\" \/>    <\/div>\n<\/a>\n<div class=\"content-wrap\">\n\t    \t\n\t        <header class=\"entry-header\">\n        \t\t\n        \t\t\t\t\t\t\t<a href=\"https:\/\/www.club-tennis-point.de\/gtv\/kooperation-mit-tennis-point\/\">\n\t\t\t\t\t<span class=\"entry-posted-on\">19. M\u00e4rz 2021<\/span>\t\t\t\t\t<\/a>\n\t\t\t\t<h5 class=\"entry-title\"><a href=\"https:\/\/www.club-tennis-point.de\/gtv\/kooperation-mit-tennis-point\/\" rel=\"bookmark\">Kooperation mit Tennis-Point<\/a><\/h5>\t\t        \n\t\t\t<\/header><!-- .entry-header -->\n\t        \n\t       \t        \t<p>\n\t        \t\tAbnehmende Mitgliederzahlen, steigender Altersdurchschnitt \u2013 das sind unter Umst\u00e4nden bedrohliche Tatsachen mit denen viele Tennisclubs zu k\u00e4mpfen haben. So bisher... <div class=\"read-more-link-wrapper\"><a class=\"read-more-link\" href=\"https:\/\/www.club-tennis-point.de\/gtv\/kooperation-mit-tennis-point\/\"><i class=\"icon-next\"><\/i>Weiterlesen<\/a><\/div>\n\t        \t\t\n\t        \t    <\/div><\/article>\n<article id=\"post-3237\" class=\"col-sm-4 masonry-item clearfix post-3237 post type-post status-publish format-standard has-post-thumbnail hentry category-allgemein\">\n        <a href=\"https:\/\/www.club-tennis-point.de\/gtv\/review-2020\/\"> \n    <div class=\"content-img\">\n        <img loading=\"lazy\" decoding=\"async\" width=\"500\" height=\"375\" src=\"https:\/\/www.club-tennis-point.de\/gtv\/wp-content\/uploads\/2017\/01\/2020_Vor_dem_Finale.jpg\" class=\"attachment-gymx-img-size-blog size-gymx-img-size-blog wp-post-image\" alt=\"\" srcset=\"https:\/\/www.club-tennis-point.de\/gtv\/wp-content\/uploads\/2017\/01\/2020_Vor_dem_Finale.jpg 500w, https:\/\/www.club-tennis-point.de\/gtv\/wp-content\/uploads\/2017\/01\/2020_Vor_dem_Finale-300x225.jpg 300w\" sizes=\"auto, (max-width: 500px) 100vw, 500px\" \/>    <\/div>\n<\/a>\n<div class=\"content-wrap\">\n\t    \t\n\t        <header class=\"entry-header\">\n        \t\t\n        \t\t\t\t\t\t\t<a href=\"https:\/\/www.club-tennis-point.de\/gtv\/review-2020\/\">\n\t\t\t\t\t<span class=\"entry-posted-on\">1. Oktober 2020<\/span>\t\t\t\t\t<\/a>\n\t\t\t\t<h5 class=\"entry-title\"><a href=\"https:\/\/www.club-tennis-point.de\/gtv\/review-2020\/\" rel=\"bookmark\">2020 &#8211; Sportlicher Wettkampf findet statt!<\/a><\/h5>\t\t        \n\t\t\t<\/header><!-- .entry-header -->\n\t        \n\t       \t        \t<p>\n\t        \t\tMedenspiele ausgefallen, 4-Vereine-Turnier gestrichen, erhebliche Einschr\u00e4nkungen im t\u00e4glichen Tennisbetrieb: Einfach war es diesen Sommer ganz sicher nicht! Ein Turnier haben... <div class=\"read-more-link-wrapper\"><a class=\"read-more-link\" href=\"https:\/\/www.club-tennis-point.de\/gtv\/review-2020\/\"><i class=\"icon-next\"><\/i>Weiterlesen<\/a><\/div>\n\t        \t\t\n\t        \t    <\/div><\/article>\n<article id=\"post-4524\" class=\"col-sm-4 masonry-item clearfix post-4524 post type-post status-publish format-standard has-post-thumbnail hentry category-allgemein\">\n        <a href=\"https:\/\/www.club-tennis-point.de\/gtv\/gtv-persoenliches\/\"> \n    <div class=\"content-img\">\n        <img loading=\"lazy\" decoding=\"async\" width=\"500\" height=\"563\" src=\"https:\/\/www.club-tennis-point.de\/gtv\/wp-content\/uploads\/2020\/04\/2014-Jutta-500x563.jpg\" class=\"attachment-gymx-img-size-blog size-gymx-img-size-blog wp-post-image\" alt=\"\" \/>    <\/div>\n<\/a>\n<div class=\"content-wrap\">\n\t    \t\n\t        <header class=\"entry-header\">\n        \t\t\n        \t\t\t\t\t\t\t<a href=\"https:\/\/www.club-tennis-point.de\/gtv\/gtv-persoenliches\/\">\n\t\t\t\t\t<span class=\"entry-posted-on\">1. April 2020<\/span>\t\t\t\t\t<\/a>\n\t\t\t\t<h5 class=\"entry-title\"><a href=\"https:\/\/www.club-tennis-point.de\/gtv\/gtv-persoenliches\/\" rel=\"bookmark\">GTV &#8211; Pers\u00f6nliches<\/a><\/h5>\t\t        \n\t\t\t<\/header><!-- .entry-header -->\n\t        \n\t       \t        \t<p>\n\t        \t\tNachruf Uwe Kaupenjohann (72) Am 1. April 2020 mussten wir in der Tennisabteilung die traurige Nachricht zur Kenntnis nehmen, dass... <div class=\"read-more-link-wrapper\"><a class=\"read-more-link\" href=\"https:\/\/www.club-tennis-point.de\/gtv\/gtv-persoenliches\/\"><i class=\"icon-next\"><\/i>Weiterlesen<\/a><\/div>\n\t        \t\t\n\t        \t    <\/div><\/article>\n<article id=\"post-4512\" class=\"col-sm-4 masonry-item clearfix post-4512 post type-post status-publish format-standard has-post-thumbnail hentry category-allgemein\">\n        <a href=\"https:\/\/www.club-tennis-point.de\/gtv\/der-sommer-cup\/\"> \n    <div class=\"content-img\">\n        <img loading=\"lazy\" decoding=\"async\" width=\"459\" height=\"468\" src=\"https:\/\/www.club-tennis-point.de\/gtv\/wp-content\/uploads\/2020\/03\/Hilbig-Pokal.jpg\" class=\"attachment-gymx-img-size-blog size-gymx-img-size-blog wp-post-image\" alt=\"\" srcset=\"https:\/\/www.club-tennis-point.de\/gtv\/wp-content\/uploads\/2020\/03\/Hilbig-Pokal.jpg 459w, https:\/\/www.club-tennis-point.de\/gtv\/wp-content\/uploads\/2020\/03\/Hilbig-Pokal-294x300.jpg 294w\" sizes=\"auto, (max-width: 459px) 100vw, 459px\" \/>    <\/div>\n<\/a>\n<div class=\"content-wrap\">\n\t    \t\n\t        <header class=\"entry-header\">\n        \t\t\n        \t\t\t\t\t\t\t<a href=\"https:\/\/www.club-tennis-point.de\/gtv\/der-sommer-cup\/\">\n\t\t\t\t\t<span class=\"entry-posted-on\">10. M\u00e4rz 2020<\/span>\t\t\t\t\t<\/a>\n\t\t\t\t<h5 class=\"entry-title\"><a href=\"https:\/\/www.club-tennis-point.de\/gtv\/der-sommer-cup\/\" rel=\"bookmark\">Der Sommer-Cup<\/a><\/h5>\t\t        \n\t\t\t<\/header><!-- .entry-header -->\n\t        \n\t       \t        \t<p>\n\t        \t\tDer Sommer-Cup (Hilbig-Cup, Turnier 45+) Hallo Freunde des Tennisturniers 45+, sicherlich besser bekannt als Sommer- oder Hilbig-Cup. Dieses \"Spa\u00df-Turnier\" ist... <div class=\"read-more-link-wrapper\"><a class=\"read-more-link\" href=\"https:\/\/www.club-tennis-point.de\/gtv\/der-sommer-cup\/\"><i class=\"icon-next\"><\/i>Weiterlesen<\/a><\/div>\n\t        \t\t\n\t        \t    <\/div><\/article>\n<article id=\"post-4521\" class=\"col-sm-4 masonry-item clearfix post-4521 post type-post status-publish format-standard has-post-thumbnail hentry category-allgemein\">\n        <a href=\"https:\/\/www.club-tennis-point.de\/gtv\/sportliche-erfolge\/\"> \n    <div class=\"content-img\">\n        <img loading=\"lazy\" decoding=\"async\" width=\"789\" height=\"563\" src=\"https:\/\/www.club-tennis-point.de\/gtv\/wp-content\/uploads\/2022\/03\/2015_Stadtmeister-Mile-789x563.jpg\" class=\"attachment-gymx-img-size-blog size-gymx-img-size-blog wp-post-image\" alt=\"\" \/>    <\/div>\n<\/a>\n<div class=\"content-wrap\">\n\t    \t\n\t        <header class=\"entry-header\">\n        \t\t\n        \t\t\t\t\t\t\t<a href=\"https:\/\/www.club-tennis-point.de\/gtv\/sportliche-erfolge\/\">\n\t\t\t\t\t<span class=\"entry-posted-on\">10. M\u00e4rz 2019<\/span>\t\t\t\t\t<\/a>\n\t\t\t\t<h5 class=\"entry-title\"><a href=\"https:\/\/www.club-tennis-point.de\/gtv\/sportliche-erfolge\/\" rel=\"bookmark\">Sportliche Erfolge<\/a><\/h5>\t\t        \n\t\t\t<\/header><!-- .entry-header -->\n\t        \n\t       \t        \t<p>\n\t        \t\tSieger! Er ist immer gut gelaunt, immer noch topfit, und nie um einen Spruch verlegen. Milan Vrban, mit 72 Jahren... <div class=\"read-more-link-wrapper\"><a class=\"read-more-link\" href=\"https:\/\/www.club-tennis-point.de\/gtv\/sportliche-erfolge\/\"><i class=\"icon-next\"><\/i>Weiterlesen<\/a><\/div>\n\t        \t\t\n\t        \t    <\/div><\/article>\t\t                <\/div>\n\t\t                                    <\/div>\n                <\/div>\n            <\/div>\n        <\/section>\n\t\t\n\t\t\t\t\n[\/vc_column][\/vc_row]\n<\/div>","protected":false},"excerpt":{"rendered":"<p>[vc_row][vc_column][vc_wp_text][\/vc_wp_text][\/vc_column][\/vc_row][vc_row][vc_column][\/vc_column][\/vc_row]<\/p>\n<div class=\"read-more-link-wrapper text-center\"><a class=\"read-more-link\" href=\"https:\/\/www.club-tennis-point.de\/gtv\/sportliche-erfolge\/\"><i class=\"icon-next\"><\/i>Weiterlesen<\/a><\/div>\n","protected":false},"author":1,"featured_media":0,"parent":0,"menu_order":0,"comment_status":"closed","ping_status":"closed","template":"","meta":{"footnotes":""},"class_list":["post-3194","page","type-page","status-publish","hentry"],"yoast_head":"<!-- This site is optimized with the Yoast SEO plugin v27.1.1 - https:\/\/yoast.com\/product\/yoast-seo-wordpress\/ -->\n<title>Aktuelles &amp; Termine - GTV - Club Tennis-Point<\/title>\n<meta name=\"robots\" content=\"index, follow, max-snippet:-1, max-image-preview:large, max-video-preview:-1\" \/>\n<link rel=\"canonical\" href=\"https:\/\/www.club-tennis-point.de\/gtv\/aktuelles\/\" \/>\n<meta property=\"og:locale\" content=\"de_DE\" \/>\n<meta property=\"og:type\" content=\"article\" \/>\n<meta property=\"og:title\" content=\"Aktuelles &amp; Termine - GTV - Club Tennis-Point\" \/>\n<meta property=\"og:description\" content=\"[vc_row][vc_column][vc_wp_text][\/vc_wp_text][\/vc_column][\/vc_row][vc_row][vc_column][\/vc_column][\/vc_row]Weiterlesen\" \/>\n<meta property=\"og:url\" content=\"https:\/\/www.club-tennis-point.de\/gtv\/aktuelles\/\" \/>\n<meta property=\"og:site_name\" content=\"GTV - Club Tennis-Point\" \/>\n<meta property=\"article:modified_time\" content=\"2026-03-08T20:54:05+00:00\" \/>\n<meta name=\"twitter:card\" content=\"summary_large_image\" \/>\n<script type=\"application\/ld+json\" class=\"yoast-schema-graph\">{\"@context\":\"https:\/\/schema.org\",\"@graph\":[{\"@type\":\"WebPage\",\"@id\":\"https:\/\/www.club-tennis-point.de\/gtv\/aktuelles\/\",\"url\":\"https:\/\/www.club-tennis-point.de\/gtv\/aktuelles\/\",\"name\":\"Aktuelles & Termine - GTV - Club Tennis-Point\",\"isPartOf\":{\"@id\":\"https:\/\/www.club-tennis-point.de\/gtv\/#website\"},\"datePublished\":\"2016-09-06T09:25:39+00:00\",\"dateModified\":\"2026-03-08T20:54:05+00:00\",\"breadcrumb\":{\"@id\":\"https:\/\/www.club-tennis-point.de\/gtv\/aktuelles\/#breadcrumb\"},\"inLanguage\":\"de\",\"potentialAction\":[{\"@type\":\"ReadAction\",\"target\":[\"https:\/\/www.club-tennis-point.de\/gtv\/aktuelles\/\"]}]},{\"@type\":\"BreadcrumbList\",\"@id\":\"https:\/\/www.club-tennis-point.de\/gtv\/aktuelles\/#breadcrumb\",\"itemListElement\":[{\"@type\":\"ListItem\",\"position\":1,\"name\":\"Startseite\",\"item\":\"https:\/\/www.club-tennis-point.de\/gtv\/\"},{\"@type\":\"ListItem\",\"position\":2,\"name\":\"Aktuelles &#038; Termine\"}]},{\"@type\":\"WebSite\",\"@id\":\"https:\/\/www.club-tennis-point.de\/gtv\/#website\",\"url\":\"https:\/\/www.club-tennis-point.de\/gtv\/\",\"name\":\"GTV - Club Tennis-Point\",\"description\":\"Tennisclub der Zukunft\",\"potentialAction\":[{\"@type\":\"SearchAction\",\"target\":{\"@type\":\"EntryPoint\",\"urlTemplate\":\"https:\/\/www.club-tennis-point.de\/gtv\/?s={search_term_string}\"},\"query-input\":{\"@type\":\"PropertyValueSpecification\",\"valueRequired\":true,\"valueName\":\"search_term_string\"}}],\"inLanguage\":\"de\"}]}<\/script>\n<!-- \/ Yoast SEO plugin. -->","yoast_head_json":{"title":"Aktuelles & Termine - GTV - Club Tennis-Point","robots":{"index":"index","follow":"follow","max-snippet":"max-snippet:-1","max-image-preview":"max-image-preview:large","max-video-preview":"max-video-preview:-1"},"canonical":"https:\/\/www.club-tennis-point.de\/gtv\/aktuelles\/","og_locale":"de_DE","og_type":"article","og_title":"Aktuelles & Termine - GTV - Club Tennis-Point","og_description":"[vc_row][vc_column][vc_wp_text][\/vc_wp_text][\/vc_column][\/vc_row][vc_row][vc_column][\/vc_column][\/vc_row]Weiterlesen","og_url":"https:\/\/www.club-tennis-point.de\/gtv\/aktuelles\/","og_site_name":"GTV - Club Tennis-Point","article_modified_time":"2026-03-08T20:54:05+00:00","twitter_card":"summary_large_image","schema":{"@context":"https:\/\/schema.org","@graph":[{"@type":"WebPage","@id":"https:\/\/www.club-tennis-point.de\/gtv\/aktuelles\/","url":"https:\/\/www.club-tennis-point.de\/gtv\/aktuelles\/","name":"Aktuelles & Termine - GTV - Club Tennis-Point","isPartOf":{"@id":"https:\/\/www.club-tennis-point.de\/gtv\/#website"},"datePublished":"2016-09-06T09:25:39+00:00","dateModified":"2026-03-08T20:54:05+00:00","breadcrumb":{"@id":"https:\/\/www.club-tennis-point.de\/gtv\/aktuelles\/#breadcrumb"},"inLanguage":"de","potentialAction":[{"@type":"ReadAction","target":["https:\/\/www.club-tennis-point.de\/gtv\/aktuelles\/"]}]},{"@type":"BreadcrumbList","@id":"https:\/\/www.club-tennis-point.de\/gtv\/aktuelles\/#breadcrumb","itemListElement":[{"@type":"ListItem","position":1,"name":"Startseite","item":"https:\/\/www.club-tennis-point.de\/gtv\/"},{"@type":"ListItem","position":2,"name":"Aktuelles &#038; Termine"}]},{"@type":"WebSite","@id":"https:\/\/www.club-tennis-point.de\/gtv\/#website","url":"https:\/\/www.club-tennis-point.de\/gtv\/","name":"GTV - Club Tennis-Point","description":"Tennisclub der Zukunft","potentialAction":[{"@type":"SearchAction","target":{"@type":"EntryPoint","urlTemplate":"https:\/\/www.club-tennis-point.de\/gtv\/?s={search_term_string}"},"query-input":{"@type":"PropertyValueSpecification","valueRequired":true,"valueName":"search_term_string"}}],"inLanguage":"de"}]}},"_links":{"self":[{"href":"https:\/\/www.club-tennis-point.de\/gtv\/wp-json\/wp\/v2\/pages\/3194","targetHints":{"allow":["GET"]}}],"collection":[{"href":"https:\/\/www.club-tennis-point.de\/gtv\/wp-json\/wp\/v2\/pages"}],"about":[{"href":"https:\/\/www.club-tennis-point.de\/gtv\/wp-json\/wp\/v2\/types\/page"}],"author":[{"embeddable":true,"href":"https:\/\/www.club-tennis-point.de\/gtv\/wp-json\/wp\/v2\/users\/1"}],"replies":[{"embeddable":true,"href":"https:\/\/www.club-tennis-point.de\/gtv\/wp-json\/wp\/v2\/comments?post=3194"}],"version-history":[{"count":8,"href":"https:\/\/www.club-tennis-point.de\/gtv\/wp-json\/wp\/v2\/pages\/3194\/revisions"}],"predecessor-version":[{"id":5790,"href":"https:\/\/www.club-tennis-point.de\/gtv\/wp-json\/wp\/v2\/pages\/3194\/revisions\/5790"}],"wp:attachment":[{"href":"https:\/\/www.club-tennis-point.de\/gtv\/wp-json\/wp\/v2\/media?parent=3194"}],"curies":[{"name":"wp","href":"https:\/\/api.w.org\/{rel}","templated":true}]}}